{"id":138,"date":"2019-11-01T12:07:05","date_gmt":"2019-11-01T12:07:05","guid":{"rendered":"https:\/\/hispanoamericalapelicula.org\/about-us\/"},"modified":"2024-05-30T15:46:35","modified_gmt":"2024-05-30T15:46:35","slug":"sobre-la-pelicula","status":"publish","type":"page","link":"https:\/\/hispanoamericalapelicula.org\/en\/sobre-la-pelicula\/","title":{"rendered":"About Us"},"content":{"rendered":"<div data-elementor-type=\"wp-page\" data-elementor-id=\"138\" class=\"elementor elementor-138\">\n\t\t\t\t\t\t<section class=\"elementor-section elementor-top-section elementor-element elementor-element-c56a84b elementor-section-boxed elementor-section-height-default elementor-section-height-default\" data-id=\"c56a84b\" data-element_type=\"section\" data-e-type=\"section\">\n\t\t\t\t\t\t<div class=\"elementor-container elementor-column-gap-wider\">\n\t\t\t\t\t<div class=\"elementor-column elementor-col-100 elementor-top-column elementor-element elementor-element-5dc9c7f\" data-id=\"5dc9c7f\" data-element_type=\"column\" data-e-type=\"column\">\n\t\t\t<div class=\"elementor-widget-wrap elementor-element-populated\">\n\t\t\t\t\t\t<div class=\"elementor-element elementor-element-40faf0a elementor-widget elementor-widget-heading\" data-id=\"40faf0a\" data-element_type=\"widget\" data-e-type=\"widget\" data-widget_type=\"heading.default\">\n\t\t\t\t<div class=\"elementor-widget-container\">\n\t\t\t\t\t<h2 class=\"elementor-heading-title elementor-size-default\">About the film<\/h2>\t\t\t\t<\/div>\n\t\t\t\t<\/div>\n\t\t\t\t<div class=\"elementor-element elementor-element-f459ade elementor-widget elementor-widget-image\" data-id=\"f459ade\" data-element_type=\"widget\" data-e-type=\"widget\" data-widget_type=\"image.default\">\n\t\t\t\t<div class=\"elementor-widget-container\">\n\t\t\t\t\t\t\t\t\t\t\t\t\t\t\t<img fetchpriority=\"high\" decoding=\"async\" width=\"1024\" height=\"269\" src=\"https:\/\/hispanoamericalapelicula.org\/wp-content\/uploads\/2023\/06\/BAILANDO-3-1024x269.jpg\" class=\"attachment-large size-large wp-image-2079\" alt=\"\" srcset=\"https:\/\/hispanoamericalapelicula.org\/wp-content\/uploads\/2023\/06\/BAILANDO-3-1024x269.jpg 1024w, https:\/\/hispanoamericalapelicula.org\/wp-content\/uploads\/2023\/06\/BAILANDO-3-600x158.jpg 600w, https:\/\/hispanoamericalapelicula.org\/wp-content\/uploads\/2023\/06\/BAILANDO-3-300x79.jpg 300w, https:\/\/hispanoamericalapelicula.org\/wp-content\/uploads\/2023\/06\/BAILANDO-3-768x202.jpg 768w, https:\/\/hispanoamericalapelicula.org\/wp-content\/uploads\/2023\/06\/BAILANDO-3-1536x404.jpg 1536w, https:\/\/hispanoamericalapelicula.org\/wp-content\/uploads\/2023\/06\/BAILANDO-3.jpg 1920w\" sizes=\"(max-width: 1024px) 100vw, 1024px\" \/>\t\t\t\t\t\t\t\t\t\t\t\t\t\t\t<\/div>\n\t\t\t\t<\/div>\n\t\t\t\t<div class=\"elementor-element elementor-element-4fc586f elementor-widget__width-initial elementor-widget elementor-widget-text-editor\" data-id=\"4fc586f\" data-element_type=\"widget\" data-e-type=\"widget\" data-widget_type=\"text-editor.default\">\n\t\t\t\t<div class=\"elementor-widget-container\">\n\t\t\t\t\t\t\t\t\t<p><em>Hispanoam\u00e9rica<\/em><strong> is a documentary film that offers a fresh, truthful and visually powerful look at how Spanish America was really born and developed.<\/strong><\/p><p>The project began in November 2022, <strong>it has been filmed in Ecuador, Spain, Peru, Bolivia, Mexico,<\/strong><strong style=\"font-style: inherit; background-color: var(--ast-global-color-4);\">\u00a0and USA.<\/strong><span style=\"font-style: inherit; background-color: var(--ast-global-color-4);\"><span style=\"font-weight: inherit;\"> Powered by our distributor, <strong>BOSCO FILMS<\/strong>, the film was released<\/span><strong style=\"font-weight: inherit;\">\u00a0in <\/strong>Spain on April 12, 2024 in more than 30 cities and 60 theaters. <strong>The next step is to bring it to theaters throughout the Americas.<\/strong>. <\/span><span style=\"background-color: var(--ast-global-color-4); font-size: 1rem;\">It is imperative that this film be broadcast on both sides of the Atlantic.<\/span><\/p><p><span style=\"font-style: inherit; font-weight: inherit; background-color: var(--ast-global-color-4);\">Featuring interviews with numerous historians and various experts in the field, mainly American, the film will show a new history shared over more than 300 years through the visual splendor of the architectural, pictorial, sculptural and musical heritage of the time, still in force today.<\/span><\/p>\t\t\t\t\t\t\t\t<\/div>\n\t\t\t\t<\/div>\n\t\t\t\t<div class=\"elementor-element elementor-element-c9404cf elementor-widget__width-initial e-transform e-transform elementor-widget elementor-widget-image\" data-id=\"c9404cf\" data-element_type=\"widget\" data-e-type=\"widget\" data-settings=\"{&quot;_transform_rotateZ_effect&quot;:{&quot;unit&quot;:&quot;px&quot;,&quot;size&quot;:&quot;&quot;,&quot;sizes&quot;:[]},&quot;_transform_rotateZ_effect_tablet&quot;:{&quot;unit&quot;:&quot;deg&quot;,&quot;size&quot;:&quot;&quot;,&quot;sizes&quot;:[]},&quot;_transform_rotateZ_effect_mobile&quot;:{&quot;unit&quot;:&quot;deg&quot;,&quot;size&quot;:&quot;&quot;,&quot;sizes&quot;:[]},&quot;_transform_translateX_effect&quot;:{&quot;unit&quot;:&quot;px&quot;,&quot;size&quot;:&quot;&quot;,&quot;sizes&quot;:[]},&quot;_transform_translateX_effect_tablet&quot;:{&quot;unit&quot;:&quot;px&quot;,&quot;size&quot;:&quot;&quot;,&quot;sizes&quot;:[]},&quot;_transform_translateX_effect_mobile&quot;:{&quot;unit&quot;:&quot;px&quot;,&quot;size&quot;:&quot;&quot;,&quot;sizes&quot;:[]},&quot;_transform_translateY_effect&quot;:{&quot;unit&quot;:&quot;px&quot;,&quot;size&quot;:&quot;&quot;,&quot;sizes&quot;:[]},&quot;_transform_translateY_effect_tablet&quot;:{&quot;unit&quot;:&quot;px&quot;,&quot;size&quot;:&quot;&quot;,&quot;sizes&quot;:[]},&quot;_transform_translateY_effect_mobile&quot;:{&quot;unit&quot;:&quot;px&quot;,&quot;size&quot;:&quot;&quot;,&quot;sizes&quot;:[]}}\" data-widget_type=\"image.default\">\n\t\t\t\t<div class=\"elementor-widget-container\">\n\t\t\t\t\t\t\t\t\t\t\t\t\t\t\t<img decoding=\"async\" width=\"1024\" height=\"576\" src=\"https:\/\/hispanoamericalapelicula.org\/wp-content\/uploads\/2023\/06\/San-Ignacio-de-Moxos_1.10.1-1024x576.jpg\" class=\"attachment-large size-large wp-image-2126\" alt=\"\" srcset=\"https:\/\/hispanoamericalapelicula.org\/wp-content\/uploads\/2023\/06\/San-Ignacio-de-Moxos_1.10.1-1024x576.jpg 1024w, https:\/\/hispanoamericalapelicula.org\/wp-content\/uploads\/2023\/06\/San-Ignacio-de-Moxos_1.10.1-600x338.jpg 600w, https:\/\/hispanoamericalapelicula.org\/wp-content\/uploads\/2023\/06\/San-Ignacio-de-Moxos_1.10.1-300x169.jpg 300w, https:\/\/hispanoamericalapelicula.org\/wp-content\/uploads\/2023\/06\/San-Ignacio-de-Moxos_1.10.1-768x432.jpg 768w, https:\/\/hispanoamericalapelicula.org\/wp-content\/uploads\/2023\/06\/San-Ignacio-de-Moxos_1.10.1-1536x864.jpg 1536w, https:\/\/hispanoamericalapelicula.org\/wp-content\/uploads\/2023\/06\/San-Ignacio-de-Moxos_1.10.1.jpg 1920w\" sizes=\"(max-width: 1024px) 100vw, 1024px\" \/>\t\t\t\t\t\t\t\t\t\t\t\t\t\t\t<\/div>\n\t\t\t\t<\/div>\n\t\t\t\t\t<\/div>\n\t\t<\/div>\n\t\t\t\t\t<\/div>\n\t\t<\/section>\n\t\t\t\t<section class=\"elementor-section elementor-top-section elementor-element elementor-element-f2ebb5d elementor-section-boxed elementor-section-height-default elementor-section-height-default\" data-id=\"f2ebb5d\" data-element_type=\"section\" data-e-type=\"section\" data-settings=\"{&quot;background_background&quot;:&quot;classic&quot;}\">\n\t\t\t\t\t\t\t<div class=\"elementor-background-overlay\"><\/div>\n\t\t\t\t\t\t\t<div class=\"elementor-container elementor-column-gap-default\">\n\t\t\t\t\t<div class=\"elementor-column elementor-col-100 elementor-top-column elementor-element elementor-element-90d7910\" data-id=\"90d7910\" data-element_type=\"column\" data-e-type=\"column\">\n\t\t\t<div class=\"elementor-widget-wrap elementor-element-populated\">\n\t\t\t\t\t\t<div class=\"elementor-element elementor-element-8adb35d elementor-widget__width-inherit elementor-widget elementor-widget-heading\" data-id=\"8adb35d\" data-element_type=\"widget\" data-e-type=\"widget\" data-widget_type=\"heading.default\">\n\t\t\t\t<div class=\"elementor-widget-container\">\n\t\t\t\t\t<h2 class=\"elementor-heading-title elementor-size-default\">You have the power to recover your History<\/h2>\t\t\t\t<\/div>\n\t\t\t\t<\/div>\n\t\t\t\t<div class=\"elementor-element elementor-element-2a804fa elementor-widget elementor-widget-heading\" data-id=\"2a804fa\" data-element_type=\"widget\" data-e-type=\"widget\" data-widget_type=\"heading.default\">\n\t\t\t\t<div class=\"elementor-widget-container\">\n\t\t\t\t\t<h3 class=\"elementor-heading-title elementor-size-default\">Join us and let's make it possible with this movie<\/h3>\t\t\t\t<\/div>\n\t\t\t\t<\/div>\n\t\t\t\t<div class=\"elementor-element elementor-element-e396134 elementor-align-center elementor-widget__width-inherit elementor-widget elementor-widget-button\" data-id=\"e396134\" data-element_type=\"widget\" data-e-type=\"widget\" data-widget_type=\"button.default\">\n\t\t\t\t<div class=\"elementor-widget-container\">\n\t\t\t\t\t\t\t\t\t<div class=\"elementor-button-wrapper\">\n\t\t\t\t\t<a class=\"elementor-button elementor-button-link elementor-size-xl\" href=\"https:\/\/hispanoamericalapelicula.org\/en\/donations\/hispanoamerica-la-pelicula\/\">\n\t\t\t\t\t\t<span class=\"elementor-button-content-wrapper\">\n\t\t\t\t\t\t\t\t\t<span class=\"elementor-button-text\">I WANT TO JOIN<\/span>\n\t\t\t\t\t<\/span>\n\t\t\t\t\t<\/a>\n\t\t\t\t<\/div>\n\t\t\t\t\t\t\t\t<\/div>\n\t\t\t\t<\/div>\n\t\t\t\t\t<\/div>\n\t\t<\/div>\n\t\t\t\t\t<\/div>\n\t\t<\/section>\n\t\t\t\t<section class=\"elementor-section elementor-top-section elementor-element elementor-element-21065b8 elementor-section-boxed elementor-section-height-default elementor-section-height-default\" data-id=\"21065b8\" data-element_type=\"section\" data-e-type=\"section\">\n\t\t\t\t\t\t<div class=\"elementor-container elementor-column-gap-default\">\n\t\t\t\t\t<div class=\"elementor-column elementor-col-100 elementor-top-column elementor-element elementor-element-96e3710\" data-id=\"96e3710\" data-element_type=\"column\" data-e-type=\"column\">\n\t\t\t<div class=\"elementor-widget-wrap elementor-element-populated\">\n\t\t\t\t\t\t<div class=\"elementor-element elementor-element-fc1ee7d elementor-widget elementor-widget-spacer\" data-id=\"fc1ee7d\" data-element_type=\"widget\" data-e-type=\"widget\" data-widget_type=\"spacer.default\">\n\t\t\t\t<div class=\"elementor-widget-container\">\n\t\t\t\t\t\t\t<div class=\"elementor-spacer\">\n\t\t\t<div class=\"elementor-spacer-inner\"><\/div>\n\t\t<\/div>\n\t\t\t\t\t\t<\/div>\n\t\t\t\t<\/div>\n\t\t\t\t\t<\/div>\n\t\t<\/div>\n\t\t\t\t\t<\/div>\n\t\t<\/section>\n\t\t\t\t<section class=\"elementor-section elementor-top-section elementor-element elementor-element-bd79371 elementor-section-boxed elementor-section-height-default elementor-section-height-default\" data-id=\"bd79371\" data-element_type=\"section\" data-e-type=\"section\">\n\t\t\t\t\t\t<div class=\"elementor-container elementor-column-gap-default\">\n\t\t\t\t\t<div class=\"elementor-column elementor-col-100 elementor-top-column elementor-element elementor-element-850ff7d\" data-id=\"850ff7d\" data-element_type=\"column\" data-e-type=\"column\">\n\t\t\t<div class=\"elementor-widget-wrap elementor-element-populated\">\n\t\t\t\t\t\t<div class=\"elementor-element elementor-element-16ae405 elementor-widget elementor-widget-heading\" data-id=\"16ae405\" data-element_type=\"widget\" data-e-type=\"widget\" data-widget_type=\"heading.default\">\n\t\t\t\t<div class=\"elementor-widget-container\">\n\t\t\t\t\t<h2 class=\"elementor-heading-title elementor-size-default\">About the director:<\/h2>\t\t\t\t<\/div>\n\t\t\t\t<\/div>\n\t\t\t\t<div class=\"elementor-element elementor-element-7e7f91f elementor-widget elementor-widget-image\" data-id=\"7e7f91f\" data-element_type=\"widget\" data-e-type=\"widget\" data-widget_type=\"image.default\">\n\t\t\t\t<div class=\"elementor-widget-container\">\n\t\t\t\t\t\t\t\t\t\t\t\t\t\t\t<img decoding=\"async\" width=\"1024\" height=\"311\" src=\"https:\/\/hispanoamericalapelicula.org\/wp-content\/uploads\/2023\/06\/director-1024x311.png\" class=\"attachment-large size-large wp-image-1680\" alt=\"\" srcset=\"https:\/\/hispanoamericalapelicula.org\/wp-content\/uploads\/2023\/06\/director-1024x311.png 1024w, https:\/\/hispanoamericalapelicula.org\/wp-content\/uploads\/2023\/06\/director-600x182.png 600w, https:\/\/hispanoamericalapelicula.org\/wp-content\/uploads\/2023\/06\/director-300x91.png 300w, https:\/\/hispanoamericalapelicula.org\/wp-content\/uploads\/2023\/06\/director-768x233.png 768w, https:\/\/hispanoamericalapelicula.org\/wp-content\/uploads\/2023\/06\/director.png 1175w\" sizes=\"(max-width: 1024px) 100vw, 1024px\" \/>\t\t\t\t\t\t\t\t\t\t\t\t\t\t\t<\/div>\n\t\t\t\t<\/div>\n\t\t\t\t<div class=\"elementor-element elementor-element-99215ab elementor-widget elementor-widget-text-editor\" data-id=\"99215ab\" data-element_type=\"widget\" data-e-type=\"widget\" data-widget_type=\"text-editor.default\">\n\t\t\t\t<div class=\"elementor-widget-container\">\n\t\t\t\t\t\t\t\t\t<p>Considered one of the greatest exponents of Spanish documentary filmmaking, Jose Luiz L\u00f3pez-Linares has an extensive filmography that has won three Goya Awards, the Ondas Award and an Emmy Award nomination.<\/p><p>His films - among which stand out \u201cAsaltar los cielos\u201d, \u201cUn instante en la vida ajena\u201d, \u201cEl Bosco. El Jard\u00edn de los sue\u00f1os\u201d and \u2018Goya, el ojo que escucha\u2019 - have participated in festivals around the world; Cannes, Berlin, Toronto, Venice, San Sebastian, Guadalajara, Tokyo or Tribeca.<\/p><p>In addition, as director of photography, he has worked with renowned filmmakers such as Carlos Saura, V\u00edctor Erice and Alain Tanner.<\/p>\t\t\t\t\t\t\t\t<\/div>\n\t\t\t\t<\/div>\n\t\t\t\t\t<\/div>\n\t\t<\/div>\n\t\t\t\t\t<\/div>\n\t\t<\/section>\n\t\t\t\t<section class=\"elementor-section elementor-top-section elementor-element elementor-element-1107af3 elementor-section-boxed elementor-section-height-default elementor-section-height-default\" data-id=\"1107af3\" data-element_type=\"section\" data-e-type=\"section\">\n\t\t\t\t\t\t<div class=\"elementor-container elementor-column-gap-wider\">\n\t\t\t\t\t<div class=\"elementor-column elementor-col-66 elementor-top-column elementor-element elementor-element-b2b6e86\" data-id=\"b2b6e86\" data-element_type=\"column\" data-e-type=\"column\">\n\t\t\t<div class=\"elementor-widget-wrap elementor-element-populated\">\n\t\t\t\t\t\t<div class=\"elementor-element elementor-element-1070b24 elementor-widget-tablet__width-initial elementor-widget elementor-widget-heading\" data-id=\"1070b24\" data-element_type=\"widget\" data-e-type=\"widget\" data-widget_type=\"heading.default\">\n\t\t\t\t<div class=\"elementor-widget-container\">\n\t\t\t\t\t<h2 class=\"elementor-heading-title elementor-size-default\">Spain, the first globalization<\/h2>\t\t\t\t<\/div>\n\t\t\t\t<\/div>\n\t\t\t\t<div class=\"elementor-element elementor-element-7b7f71b elementor-widget__width-initial elementor-widget elementor-widget-text-editor\" data-id=\"7b7f71b\" data-element_type=\"widget\" data-e-type=\"widget\" data-widget_type=\"text-editor.default\">\n\t\t\t\t<div class=\"elementor-widget-container\">\n\t\t\t\t\t\t\t\t\t<p>His latest film, \u201cSpain, the first globalization\u201d, has been the most watched documentary film of 2021 with more than 70,000 viewers in theaters; and more than 1,000,000 on television.<\/p><p>The documentary was approved as educational material for the subject of History in the schools of Madrid with a didactic guide for the teacher elaborated by Elvira Roca Barea.<\/p><p>Plaza y Jan\u00e9s has published a book based on the film of which more than 10,000 copies have been printed.<\/p><p>In May 2022, he received the Silver Medal of the Community of Madrid.<\/p>\t\t\t\t\t\t\t\t<\/div>\n\t\t\t\t<\/div>\n\t\t\t\t<div class=\"elementor-element elementor-element-0c72719 elementor-align-center elementor-widget elementor-widget-button\" data-id=\"0c72719\" data-element_type=\"widget\" data-e-type=\"widget\" data-widget_type=\"button.default\">\n\t\t\t\t<div class=\"elementor-widget-container\">\n\t\t\t\t\t\t\t\t\t<div class=\"elementor-button-wrapper\">\n\t\t\t\t\t<a class=\"elementor-button elementor-button-link elementor-size-sm\" href=\"https:\/\/www.primeraglobalizaciontienda.com\/shop\">\n\t\t\t\t\t\t<span class=\"elementor-button-content-wrapper\">\n\t\t\t\t\t\t\t\t\t<span class=\"elementor-button-text\">BUY<\/span>\n\t\t\t\t\t<\/span>\n\t\t\t\t\t<\/a>\n\t\t\t\t<\/div>\n\t\t\t\t\t\t\t\t<\/div>\n\t\t\t\t<\/div>\n\t\t\t\t\t<\/div>\n\t\t<\/div>\n\t\t\t\t<div class=\"elementor-column elementor-col-33 elementor-top-column elementor-element elementor-element-0415d65\" data-id=\"0415d65\" data-element_type=\"column\" data-e-type=\"column\">\n\t\t\t<div class=\"elementor-widget-wrap elementor-element-populated\">\n\t\t\t\t\t\t<div class=\"elementor-element elementor-element-8755372 animated-fast elementor-invisible elementor-widget elementor-widget-image\" data-id=\"8755372\" data-element_type=\"widget\" data-e-type=\"widget\" data-settings=\"{&quot;_animation&quot;:&quot;fadeInUp&quot;}\" data-widget_type=\"image.default\">\n\t\t\t\t<div class=\"elementor-widget-container\">\n\t\t\t\t\t\t\t\t\t\t\t\t\t\t\t<img loading=\"lazy\" decoding=\"async\" width=\"511\" height=\"759\" src=\"https:\/\/hispanoamericalapelicula.org\/wp-content\/uploads\/2023\/06\/espana-globalizacion.jpg\" class=\"attachment-full size-full wp-image-1693\" alt=\"\" srcset=\"https:\/\/hispanoamericalapelicula.org\/wp-content\/uploads\/2023\/06\/espana-globalizacion.jpg 511w, https:\/\/hispanoamericalapelicula.org\/wp-content\/uploads\/2023\/06\/espana-globalizacion-202x300.jpg 202w\" sizes=\"(max-width: 511px) 100vw, 511px\" \/>\t\t\t\t\t\t\t\t\t\t\t\t\t\t\t<\/div>\n\t\t\t\t<\/div>\n\t\t\t\t\t<\/div>\n\t\t<\/div>\n\t\t\t\t\t<\/div>\n\t\t<\/section>\n\t\t\t\t<section class=\"elementor-section elementor-top-section elementor-element elementor-element-142c6b6d elementor-section-boxed elementor-section-height-default elementor-section-height-default\" data-id=\"142c6b6d\" data-element_type=\"section\" data-e-type=\"section\">\n\t\t\t\t\t\t<div class=\"elementor-container elementor-column-gap-default\">\n\t\t\t\t\t<div class=\"elementor-column elementor-col-100 elementor-top-column elementor-element elementor-element-6ed86aa9\" data-id=\"6ed86aa9\" data-element_type=\"column\" data-e-type=\"column\">\n\t\t\t<div class=\"elementor-widget-wrap elementor-element-populated\">\n\t\t\t\t\t\t<div class=\"elementor-element elementor-element-190fd5fd elementor-widget elementor-widget-heading\" data-id=\"190fd5fd\" data-element_type=\"widget\" data-e-type=\"widget\" data-widget_type=\"heading.default\">\n\t\t\t\t<div class=\"elementor-widget-container\">\n\t\t\t\t\t<h2 class=\"elementor-heading-title elementor-size-default\">Collaborators<\/h2>\t\t\t\t<\/div>\n\t\t\t\t<\/div>\n\t\t\t\t<div class=\"elementor-element elementor-element-25979e59 elementor-widget elementor-widget-heading\" data-id=\"25979e59\" data-element_type=\"widget\" data-e-type=\"widget\" data-widget_type=\"heading.default\">\n\t\t\t\t<div class=\"elementor-widget-container\">\n\t\t\t\t\t<h4 class=\"elementor-heading-title elementor-size-default\">Scroll to discover them<\/h4>\t\t\t\t<\/div>\n\t\t\t\t<\/div>\n\t\t\t\t<div class=\"elementor-element elementor-element-3cf1323f animated-fast elementor-arrows-position-inside elementor-widget elementor-widget-image-carousel\" data-id=\"3cf1323f\" data-element_type=\"widget\" data-e-type=\"widget\" data-settings=\"{&quot;slides_to_show&quot;:&quot;1&quot;,&quot;_animation&quot;:&quot;none&quot;,&quot;navigation&quot;:&quot;arrows&quot;,&quot;autoplay&quot;:&quot;yes&quot;,&quot;pause_on_hover&quot;:&quot;yes&quot;,&quot;pause_on_interaction&quot;:&quot;yes&quot;,&quot;autoplay_speed&quot;:5000,&quot;infinite&quot;:&quot;yes&quot;,&quot;effect&quot;:&quot;slide&quot;,&quot;speed&quot;:500}\" data-widget_type=\"image-carousel.default\">\n\t\t\t\t<div class=\"elementor-widget-container\">\n\t\t\t\t\t\t\t<div class=\"elementor-image-carousel-wrapper swiper\" role=\"region\" aria-roledescription=\"carousel\" aria-label=\"Carrusel de im\u00e1genes\" dir=\"ltr\">\n\t\t\t<div class=\"elementor-image-carousel swiper-wrapper\" aria-live=\"off\">\n\t\t\t\t\t\t\t\t<div class=\"swiper-slide\" role=\"group\" aria-roledescription=\"slide\" aria-label=\"1 de 31\"><figure class=\"swiper-slide-inner\"><img decoding=\"async\" class=\"swiper-slide-image\" src=\"https:\/\/hispanoamericalapelicula.org\/wp-content\/uploads\/2023\/06\/1.-CARMEN-IGLESIAS_Directora-de-la-Real-Academia-de-la-Historia-ESPANA-768x432.jpg\" alt=\"Carmen Iglesias - Directora de la Real Academia de la Historia - Espa\u00f1a\" \/><figcaption class=\"elementor-image-carousel-caption\">Carmen Iglesias - Director of the Royal Academy of History - Spain<\/figcaption><\/figure><\/div><div class=\"swiper-slide\" role=\"group\" aria-roledescription=\"slide\" aria-label=\"2 de 31\"><figure class=\"swiper-slide-inner\"><img decoding=\"async\" class=\"swiper-slide-image\" src=\"https:\/\/hispanoamericalapelicula.org\/wp-content\/uploads\/2023\/06\/2.-SUSANA-CORDERO-DE-ESPiNOSA_Directora-de-la-Academia-Ecuatoriana-de-la-Lengua-ECUADOR-768x432.jpg\" alt=\"Susana Cordero de Espinosa - Directora de la Academia Ecuatoriana de la Lengua - Ecuador\" \/><figcaption class=\"elementor-image-carousel-caption\">Susana Cordero de Espinosa - Director of the Ecuadorian Language Academy - Ecuador<\/figcaption><\/figure><\/div><div class=\"swiper-slide\" role=\"group\" aria-roledescription=\"slide\" aria-label=\"3 de 31\"><figure class=\"swiper-slide-inner\"><img decoding=\"async\" class=\"swiper-slide-image\" src=\"https:\/\/hispanoamericalapelicula.org\/wp-content\/uploads\/2023\/06\/3.-CARLOS-LEANEZ-ARISTIMUNO_Investigador-de-la-interrelacion-hispanidad-globalizacion-VENEZUELA-768x432.jpg\" alt=\"Carlos Le\u00e1\u00f1ez Aristimu\u00f1o - Investigador de la interrelacio\u0301n hispanidad-globalizacio\u0301n - Venezuela\" \/><figcaption class=\"elementor-image-carousel-caption\">Carlos Le\u00e1\u00f1ez Aristimu\u00f1o - Researcher of the Hispanic-Globalization Interrelationship - Venezuela<\/figcaption><\/figure><\/div><div class=\"swiper-slide\" role=\"group\" aria-roledescription=\"slide\" aria-label=\"4 de 31\"><figure class=\"swiper-slide-inner\"><img decoding=\"async\" class=\"swiper-slide-image\" src=\"https:\/\/hispanoamericalapelicula.org\/wp-content\/uploads\/2023\/06\/4.-CARDENAL-CARLOS-AGUIAR-RETES_Arzobispo-Primado-de-Mexico-MEXICO-768x432.jpg\" alt=\"Cardenal Carlos Aguiar Retes - Arzobispo Primado de Me\u0301xico - M\u00e9xico\" \/><figcaption class=\"elementor-image-carousel-caption\">Cardinal Carlos Aguiar Retes - Primate Archbishop of Mexico - Mexico<\/figcaption><\/figure><\/div><div class=\"swiper-slide\" role=\"group\" aria-roledescription=\"slide\" aria-label=\"5 de 31\"><figure class=\"swiper-slide-inner\"><img decoding=\"async\" class=\"swiper-slide-image\" src=\"https:\/\/hispanoamericalapelicula.org\/wp-content\/uploads\/2023\/06\/5.-JULIAN-GASCON-MERCADO_Presidente-del-Patronato-del-Hospital-de-Jesus-MEXICO-768x432.jpg\" alt=\"Juli\u00e1n Gasc\u00f3n Mercado - Presidente del Patronato del Hospital de Jesu\u0301s - M\u00e9xico\" \/><figcaption class=\"elementor-image-carousel-caption\">Juli\u00e1n Gasc\u00f3n Mercado - President of the Board of Trustees of the Hospital de Jes\u00fas - M\u00e9xico<\/figcaption><\/figure><\/div><div class=\"swiper-slide\" role=\"group\" aria-roledescription=\"slide\" aria-label=\"6 de 31\"><figure class=\"swiper-slide-inner\"><img decoding=\"async\" class=\"swiper-slide-image\" src=\"https:\/\/hispanoamericalapelicula.org\/wp-content\/uploads\/2023\/06\/6.-ENRIQUE-KRAUZE_Historiador-MEXICO-768x432.jpg\" alt=\"Enrique Krauze - Historiador - M\u00e9xico\" \/><figcaption class=\"elementor-image-carousel-caption\">Enrique Krauze - Historian - Mexico<\/figcaption><\/figure><\/div><div class=\"swiper-slide\" role=\"group\" aria-roledescription=\"slide\" aria-label=\"7 de 31\"><figure class=\"swiper-slide-inner\"><img decoding=\"async\" class=\"swiper-slide-image\" src=\"https:\/\/hispanoamericalapelicula.org\/wp-content\/uploads\/2023\/06\/7.-CARMEN-BEATRIZ-LOPEZ_Claustro-de-Sor-Juana-MEXICO-768x432.jpg\" alt=\"Carmen Beatriz L\u00f3pez - Claustro de Sor Juana - M\u00e9xico\" \/><figcaption class=\"elementor-image-carousel-caption\">Carmen Beatriz L\u00f3pez - Claustro de Sor Juana - M\u00e9xico<\/figcaption><\/figure><\/div><div class=\"swiper-slide\" role=\"group\" aria-roledescription=\"slide\" aria-label=\"8 de 31\"><figure class=\"swiper-slide-inner\"><img decoding=\"async\" class=\"swiper-slide-image\" src=\"https:\/\/hispanoamericalapelicula.org\/wp-content\/uploads\/2023\/06\/8.-FAUSTINO-NUNEZ_Musicologo-ESPANA-768x432.jpg\" alt=\"Faustino N\u00fa\u00f1ez - Music\u00f3logo - Espa\u00f1a\" \/><figcaption class=\"elementor-image-carousel-caption\">Faustino N\u00fa\u00f1ez - Musicologist - Spain<\/figcaption><\/figure><\/div><div class=\"swiper-slide\" role=\"group\" aria-roledescription=\"slide\" aria-label=\"9 de 31\"><figure class=\"swiper-slide-inner\"><img decoding=\"async\" class=\"swiper-slide-image\" src=\"https:\/\/hispanoamericalapelicula.org\/wp-content\/uploads\/2023\/06\/9.-PADRE-ROBERTO-FERNANDEZ_Dominico-ECUADOR-768x432.jpg\" alt=\"Padre Roberto Fern\u00e1ndez - Dominico - Ecuador\" \/><figcaption class=\"elementor-image-carousel-caption\">Father Roberto Fern\u00e1ndez - Dominican - Ecuador<\/figcaption><\/figure><\/div><div class=\"swiper-slide\" role=\"group\" aria-roledescription=\"slide\" aria-label=\"10 de 31\"><figure class=\"swiper-slide-inner\"><img decoding=\"async\" class=\"swiper-slide-image\" src=\"https:\/\/hispanoamericalapelicula.org\/wp-content\/uploads\/2023\/06\/10.-HECTOR-PALHARES-MEZA_Director-del-Museo-Nacional-de-Arte-de-Mexico-MEXICO-768x432.jpg\" alt=\"H\u00e9ctor Palhares Meza - Director del Museo Nacional de Arte de M\u00e9xico - M\u00e9xico\" \/><figcaption class=\"elementor-image-carousel-caption\">H\u00e9ctor Palhares Meza - Director of the Museo Nacional de Arte de M\u00e9xico - Mexico<\/figcaption><\/figure><\/div><div class=\"swiper-slide\" role=\"group\" aria-roledescription=\"slide\" aria-label=\"11 de 31\"><figure class=\"swiper-slide-inner\"><img decoding=\"async\" class=\"swiper-slide-image\" src=\"https:\/\/hispanoamericalapelicula.org\/wp-content\/uploads\/2023\/06\/11.-URUSLA-CAMBA_Historiadora-MEXICO-768x432.jpg\" alt=\"\u00darsula Camba - Historiadora - M\u00e9xico\" \/><figcaption class=\"elementor-image-carousel-caption\">\u00darsula Camba - Historian - Mexico<\/figcaption><\/figure><\/div><div class=\"swiper-slide\" role=\"group\" aria-roledescription=\"slide\" aria-label=\"12 de 31\"><figure class=\"swiper-slide-inner\"><img decoding=\"async\" class=\"swiper-slide-image\" src=\"https:\/\/hispanoamericalapelicula.org\/wp-content\/uploads\/2023\/06\/12.-ADELAIDA-SAGARRA_Profesora-de-Historia-de-America-Universidad-de-Burgos-ESPANA-768x432.jpg\" alt=\"Adelaida Sagarra - Profesora de Historia de Am\u00e9rica de la Universidad de Burgos - Espa\u00f1a\" \/><figcaption class=\"elementor-image-carousel-caption\">Adelaida Sagarra - Professor of American History at the University of Burgos - Spain<\/figcaption><\/figure><\/div><div class=\"swiper-slide\" role=\"group\" aria-roledescription=\"slide\" aria-label=\"13 de 31\"><figure class=\"swiper-slide-inner\"><img decoding=\"async\" class=\"swiper-slide-image\" src=\"https:\/\/hispanoamericalapelicula.org\/wp-content\/uploads\/2023\/06\/13.-MARCELO-GULLO_Profesor-Universidad-de-Rosario-Argentina-ARGENTINA-768x432.jpg\" alt=\"Marcelo Gullo - Profesor de la Universidad de Rosario en Argentina - Argentina\" \/><figcaption class=\"elementor-image-carousel-caption\">Marcelo Gullo - Professor at the University of Rosario in Argentina - Argentina<\/figcaption><\/figure><\/div><div class=\"swiper-slide\" role=\"group\" aria-roledescription=\"slide\" aria-label=\"14 de 31\"><figure class=\"swiper-slide-inner\"><img decoding=\"async\" class=\"swiper-slide-image\" src=\"https:\/\/hispanoamericalapelicula.org\/wp-content\/uploads\/2023\/06\/14.-ALFONSO-BORREGO_Bisnieto-de-Geronimo-ESTADOS-UNIDOS-768x432.jpg\" alt=\"Alfonso Borrego - Bisnieto de Ger\u00f3nimo - Estados Unidos\" \/><figcaption class=\"elementor-image-carousel-caption\">Alfonso Borrego - Great-grandson of Geronimo - United States<\/figcaption><\/figure><\/div><div class=\"swiper-slide\" role=\"group\" aria-roledescription=\"slide\" aria-label=\"15 de 31\"><figure class=\"swiper-slide-inner\"><img decoding=\"async\" class=\"swiper-slide-image\" src=\"https:\/\/hispanoamericalapelicula.org\/wp-content\/uploads\/2023\/06\/15.-ANDREA-MARTINEZ-BARACS_Historiadora-MEXICO-768x432.jpg\" alt=\"Andrea Mart\u00ednez Baracs - Historiadora - M\u00e9xico\" \/><figcaption class=\"elementor-image-carousel-caption\">Andrea Mart\u00ednez Baracs - Historian - Mexico<\/figcaption><\/figure><\/div><div class=\"swiper-slide\" role=\"group\" aria-roledescription=\"slide\" aria-label=\"16 de 31\"><figure class=\"swiper-slide-inner\"><img decoding=\"async\" class=\"swiper-slide-image\" src=\"https:\/\/hispanoamericalapelicula.org\/wp-content\/uploads\/2023\/06\/16.-MARTIN-RIOS-SALOMA_Investigador-Instituto-de-Investigaciones-Historicas-UNAM-MEXICO-768x432.jpg\" alt=\"Mart\u00edn R\u00edos Saloma - Investigador del Instituto de Investigaciones Hist\u00f3ricas UNAM - M\u00e9xico\" \/><figcaption class=\"elementor-image-carousel-caption\">Mart\u00edn R\u00edos Saloma - Researcher at the Instituto de Investigaciones Hist\u00f3ricas UNAM - Mexico<\/figcaption><\/figure><\/div><div class=\"swiper-slide\" role=\"group\" aria-roledescription=\"slide\" aria-label=\"17 de 31\"><figure class=\"swiper-slide-inner\"><img decoding=\"async\" class=\"swiper-slide-image\" src=\"https:\/\/hispanoamericalapelicula.org\/wp-content\/uploads\/2023\/06\/17.-JORGE-MORENO_Profesor-ECUADOR-768x432.jpg\" alt=\"Jorge Moreno - Profesor - Ecuador\" \/><figcaption class=\"elementor-image-carousel-caption\">Jorge Moreno - Professor - Ecuador<\/figcaption><\/figure><\/div><div class=\"swiper-slide\" role=\"group\" aria-roledescription=\"slide\" aria-label=\"18 de 31\"><figure class=\"swiper-slide-inner\"><img decoding=\"async\" class=\"swiper-slide-image\" src=\"https:\/\/hispanoamericalapelicula.org\/wp-content\/uploads\/2023\/06\/17bis_DR-ANGEL-JUSTO-ESTEBARANZ_Universidad-de-Sevilla-Departamento-de-Historia-del-Arte-ESPANA-768x432.jpg\" alt=\"Dr. \u00c1ngel Justo Estebaranz - Universidad de Sevilla (Departamento de Historia del Arte) - Espa\u00f1a\" \/><figcaption class=\"elementor-image-carousel-caption\">Dr. \u00c1ngel Justo Estebaranz - University of Seville (Department of Art History) - Spain<\/figcaption><\/figure><\/div><div class=\"swiper-slide\" role=\"group\" aria-roledescription=\"slide\" aria-label=\"19 de 31\"><figure class=\"swiper-slide-inner\"><img decoding=\"async\" class=\"swiper-slide-image\" src=\"https:\/\/hispanoamericalapelicula.org\/wp-content\/uploads\/2023\/06\/18.-PATRICIO-LONS_Periodista-ARGENTINA-768x432.jpg\" alt=\"Patricio Lons - Periodista - Argentina\" \/><figcaption class=\"elementor-image-carousel-caption\">Patricio Lons - Journalist - Argentina<\/figcaption><\/figure><\/div><div class=\"swiper-slide\" role=\"group\" aria-roledescription=\"slide\" aria-label=\"20 de 31\"><figure class=\"swiper-slide-inner\"><img decoding=\"async\" class=\"swiper-slide-image\" src=\"https:\/\/hispanoamericalapelicula.org\/wp-content\/uploads\/2023\/06\/19.-EDUARDO-BARRIGA_Director-del-archivo-historico-de-Patzcuaro-MEXICO-768x432.jpg\" alt=\"Eduardo Barriga - Director del archivo hist\u00f3rico de Patzcuaro - M\u00e9xico\" \/><figcaption class=\"elementor-image-carousel-caption\">Eduardo Barriga - Director of the historical archive of Patzcuaro - Mexico<\/figcaption><\/figure><\/div><div class=\"swiper-slide\" role=\"group\" aria-roledescription=\"slide\" aria-label=\"21 de 31\"><figure class=\"swiper-slide-inner\"><img decoding=\"async\" class=\"swiper-slide-image\" src=\"https:\/\/hispanoamericalapelicula.org\/wp-content\/uploads\/2023\/06\/20.-XIMENA-CARCELEN_Historiadora-del-Arte-ECUADOR-768x432.jpg\" alt=\"Ximena Carcel\u00e9n - Historiadora del Arte - Ecuador\" \/><figcaption class=\"elementor-image-carousel-caption\">Ximena Carcel\u00e9n - Art Historian - Ecuador<\/figcaption><\/figure><\/div><div class=\"swiper-slide\" role=\"group\" aria-roledescription=\"slide\" aria-label=\"22 de 31\"><figure class=\"swiper-slide-inner\"><img decoding=\"async\" class=\"swiper-slide-image\" src=\"https:\/\/hispanoamericalapelicula.org\/wp-content\/uploads\/2023\/06\/21.-NAZARIO-SANCHEZ-MASTRANZO_Historiador-del-centro-INHA-Tlaxcala-MEXICO-768x432.jpg\" alt=\"Nazario S\u00e1nchez Mastranzo - Historiador del centro INHA Tlaxcala - M\u00e9xico\" \/><figcaption class=\"elementor-image-carousel-caption\">Nazario S\u00e1nchez Mastranzo - Historian of the INHA Tlaxcala Center - Mexico<\/figcaption><\/figure><\/div><div class=\"swiper-slide\" role=\"group\" aria-roledescription=\"slide\" aria-label=\"23 de 31\"><figure class=\"swiper-slide-inner\"><img decoding=\"async\" class=\"swiper-slide-image\" src=\"https:\/\/hispanoamericalapelicula.org\/wp-content\/uploads\/2023\/06\/22.-ANGELICA-MONTES_Historiadora-del-arte-y-promotora-cultural-MEXICO-768x432.jpg\" alt=\"Ang\u00e9lica Montes - Historiadora del arte y promotora cultural - M\u00e9xico\" \/><figcaption class=\"elementor-image-carousel-caption\">Ang\u00e9lica Montes - Art historian and cultural promoter - Mexico<\/figcaption><\/figure><\/div><div class=\"swiper-slide\" role=\"group\" aria-roledescription=\"slide\" aria-label=\"24 de 31\"><figure class=\"swiper-slide-inner\"><img decoding=\"async\" class=\"swiper-slide-image\" src=\"https:\/\/hispanoamericalapelicula.org\/wp-content\/uploads\/2023\/06\/23.-JUAN-MIGUEL-ZUNZUNEGUI_Doctor-en-Humanidades-MEXICO-768x432.jpg\" alt=\"Juan Miguel Zunzunegui - Doctor en Humanidades - M\u00e9xico\" \/><figcaption class=\"elementor-image-carousel-caption\">Juan Miguel Zunzunegui - Doctor in Humanities - Mexico<\/figcaption><\/figure><\/div><div class=\"swiper-slide\" role=\"group\" aria-roledescription=\"slide\" aria-label=\"25 de 31\"><figure class=\"swiper-slide-inner\"><img decoding=\"async\" class=\"swiper-slide-image\" src=\"https:\/\/hispanoamericalapelicula.org\/wp-content\/uploads\/2023\/06\/24.-ALFONSO-ORTIZ_Historiador-de-la-arquitectura-ECUADOR-768x432.jpg\" alt=\"Alfonso Ortiz - Historiador de la arquitectura - Ecuador\" \/><figcaption class=\"elementor-image-carousel-caption\">Alfonso Ortiz - Historiador de la arquitectura - Ecuador<\/figcaption><\/figure><\/div><div class=\"swiper-slide\" role=\"group\" aria-roledescription=\"slide\" aria-label=\"26 de 31\"><figure class=\"swiper-slide-inner\"><img decoding=\"async\" class=\"swiper-slide-image\" src=\"https:\/\/hispanoamericalapelicula.org\/wp-content\/uploads\/2023\/06\/25.-RODOLFO-JUAREZ-ALVAREZ_Historiador-UATX__-UNAM-MEXICO-768x432.jpg\" alt=\"Rodolfo Ju\u00e1rez \u00c1lvarez - Historiador UATX UNAM - M\u00e9xico\" \/><figcaption class=\"elementor-image-carousel-caption\">Rodolfo Ju\u00e1rez \u00c1lvarez - Historian UATX UNAM - Mexico<\/figcaption><\/figure><\/div><div class=\"swiper-slide\" role=\"group\" aria-roledescription=\"slide\" aria-label=\"27 de 31\"><figure class=\"swiper-slide-inner\"><img decoding=\"async\" class=\"swiper-slide-image\" src=\"https:\/\/hispanoamericalapelicula.org\/wp-content\/uploads\/2023\/06\/26.-ANTONIO-CORDERO_Escritor-y-empresario-MEXICO-768x432.jpg\" alt=\"Antonio Cordero - Escritor y empresario - M\u00e9xico\" \/><figcaption class=\"elementor-image-carousel-caption\">Antonio Cordero - Writer and businessman - Mexico<\/figcaption><\/figure><\/div><div class=\"swiper-slide\" role=\"group\" aria-roledescription=\"slide\" aria-label=\"28 de 31\"><figure class=\"swiper-slide-inner\"><img decoding=\"async\" class=\"swiper-slide-image\" src=\"https:\/\/hispanoamericalapelicula.org\/wp-content\/uploads\/2023\/06\/27.-TOMAS-PEREZ-VEJO_Investigador-INAH-ESPANA-768x432.jpg\" alt=\"Tom\u00e1s P\u00e9rez Vejo - Investigador INAH - Espa\u00f1a\" \/><figcaption class=\"elementor-image-carousel-caption\">Tom\u00e1s P\u00e9rez Vejo - Researcher INAH - Spain<\/figcaption><\/figure><\/div><div class=\"swiper-slide\" role=\"group\" aria-roledescription=\"slide\" aria-label=\"29 de 31\"><figure class=\"swiper-slide-inner\"><img decoding=\"async\" class=\"swiper-slide-image\" src=\"https:\/\/hispanoamericalapelicula.org\/wp-content\/uploads\/2023\/06\/28_INES-MONTANO_Historiadora-768x432.jpg\" alt=\"In\u00e9s Montano - Historiadora\" \/><figcaption class=\"elementor-image-carousel-caption\">In\u00e9s Montano - Historian<\/figcaption><\/figure><\/div><div class=\"swiper-slide\" role=\"group\" aria-roledescription=\"slide\" aria-label=\"30 de 31\"><figure class=\"swiper-slide-inner\"><img decoding=\"async\" class=\"swiper-slide-image\" src=\"https:\/\/hispanoamericalapelicula.org\/wp-content\/uploads\/2023\/06\/29.-MAMELA-FIALLO-FIOR_Profesora-de-Lengua-e-Historia-ECUADOR-768x432.jpg\" alt=\"Mamela Fiallo Fior - Profesora de Lengua e Historia - Ecuador\" \/><figcaption class=\"elementor-image-carousel-caption\">Mamela Fiallo Fior - Language and History Teacher - Ecuador<\/figcaption><\/figure><\/div><div class=\"swiper-slide\" role=\"group\" aria-roledescription=\"slide\" aria-label=\"31 de 31\"><figure class=\"swiper-slide-inner\"><img decoding=\"async\" class=\"swiper-slide-image\" src=\"https:\/\/hispanoamericalapelicula.org\/wp-content\/uploads\/2023\/06\/30.-FRANCISCO-NUNEZ-DEL-ARCO_Historiador-ECUADOR-768x432.jpg\" alt=\"Francisco N\u00fa\u00f1ez del Arco - Historiador - Ecuador\" \/><figcaption class=\"elementor-image-carousel-caption\">Francisco N\u00fa\u00f1ez del Arco - Historian - Ecuador<\/figcaption><\/figure><\/div>\t\t\t<\/div>\n\t\t\t\t\t\t\t\t\t\t\t\t<div class=\"elementor-swiper-button elementor-swiper-button-prev\" role=\"button\" tabindex=\"0\">\n\t\t\t\t\t\t<i aria-hidden=\"true\" class=\"eicon-chevron-left\"><\/i>\t\t\t\t\t<\/div>\n\t\t\t\t\t<div class=\"elementor-swiper-button elementor-swiper-button-next\" role=\"button\" tabindex=\"0\">\n\t\t\t\t\t\t<i aria-hidden=\"true\" class=\"eicon-chevron-right\"><\/i>\t\t\t\t\t<\/div>\n\t\t\t\t\n\t\t\t\t\t\t\t\t\t<\/div>\n\t\t\t\t\t\t<\/div>\n\t\t\t\t<\/div>\n\t\t\t\t\t<\/div>\n\t\t<\/div>\n\t\t\t\t\t<\/div>\n\t\t<\/section>\n\t\t\t\t<section class=\"elementor-section elementor-top-section elementor-element elementor-element-60a84d57 elementor-section-content-middle elementor-section-boxed elementor-section-height-default elementor-section-height-default\" data-id=\"60a84d57\" data-element_type=\"section\" data-e-type=\"section\" data-settings=\"{&quot;background_background&quot;:&quot;classic&quot;}\">\n\t\t\t\t\t\t\t<div class=\"elementor-background-overlay\"><\/div>\n\t\t\t\t\t\t\t<div class=\"elementor-container elementor-column-gap-wider\">\n\t\t\t\t\t<div class=\"elementor-column elementor-col-100 elementor-top-column elementor-element elementor-element-874bb46\" data-id=\"874bb46\" data-element_type=\"column\" data-e-type=\"column\">\n\t\t\t<div class=\"elementor-widget-wrap elementor-element-populated\">\n\t\t\t\t\t\t<div class=\"elementor-element elementor-element-24f34739 elementor-widget__width-inherit elementor-widget elementor-widget-heading\" data-id=\"24f34739\" data-element_type=\"widget\" data-e-type=\"widget\" data-widget_type=\"heading.default\">\n\t\t\t\t<div class=\"elementor-widget-container\">\n\t\t\t\t\t<h2 class=\"elementor-heading-title elementor-size-default\">Sign up for our newsletter<\/h2>\t\t\t\t<\/div>\n\t\t\t\t<\/div>\n\t\t\t\t<div class=\"elementor-element elementor-element-cde4bb4 elementor-widget elementor-widget-text-editor\" data-id=\"cde4bb4\" data-element_type=\"widget\" data-e-type=\"widget\" data-widget_type=\"text-editor.default\">\n\t\t\t\t<div class=\"elementor-widget-container\">\n\t\t\t\t\t\t\t\t\t<p>If you want to keep up to date with all the news, subscribe to our newsletter.<\/p>\t\t\t\t\t\t\t\t<\/div>\n\t\t\t\t<\/div>\n\t\t\t\t<div class=\"elementor-element elementor-element-d53ef29 elementor-widget elementor-widget-wpforms\" data-id=\"d53ef29\" data-element_type=\"widget\" data-e-type=\"widget\" data-widget_type=\"wpforms.default\">\n\t\t\t\t<div class=\"elementor-widget-container\">\n\t\t\t\t\t<div class=\"wpforms-container\" id=\"wpforms-19\"><form id=\"wpforms-form-19\" class=\"wpforms-validate wpforms-form\" data-formid=\"19\" method=\"post\" enctype=\"multipart\/form-data\" action=\"\/en\/wp-json\/wp\/v2\/pages\/138\" data-token=\"33360fc3a1551acfe0c21c30f349c3b3\" data-token-time=\"1777822630\" data-trp-original-action=\"\/en\/wp-json\/wp\/v2\/pages\/138\"><noscript class=\"wpforms-error-noscript\">Please enable JavaScript in your browser to complete this form.<\/noscript><div class=\"wpforms-field-container\"><div id=\"wpforms-19-field_1-container\" class=\"wpforms-field wpforms-field-email\" data-field-id=\"1\"><label class=\"wpforms-field-label wpforms-label-hide\" for=\"wpforms-19-field_1\">Enter your e-mail address here <span class=\"wpforms-required-label\">*<\/span><\/label><input type=\"email\" id=\"wpforms-19-field_1\" class=\"wpforms-field-large wpforms-field-required\" name=\"wpforms[fields][1]\" placeholder=\"Your e-mail address\" spellcheck=\"false\" required><\/div><\/div><!-- .wpforms-field-container --><div class=\"wpforms-field wpforms-field-hp\"><label for=\"wpforms-19-field-hp\" class=\"wpforms-field-label\">Website<\/label><input type=\"text\" name=\"wpforms[hp]\" id=\"wpforms-19-field-hp\" class=\"wpforms-field-medium\"><\/div><div class=\"wpforms-submit-container\" ><input type=\"hidden\" name=\"wpforms[id]\" value=\"19\"><input type=\"hidden\" name=\"page_title\" value=\"\"><input type=\"hidden\" name=\"page_url\" value=\"https:\/\/hispanoamericalapelicula.org\/en\/wp-json\/wp\/v2\/pages\/138\"><input type=\"hidden\" name=\"url_referer\" value=\"\"><button type=\"submit\" name=\"wpforms[submit]\" id=\"wpforms-submit-19\" class=\"wpforms-submit\" data-alt-text=\"Enviando...\" data-submit-text=\"Suscribirse\" aria-live=\"assertive\" value=\"wpforms-submit\">Subscribe<\/button><\/div><input type=\"hidden\" name=\"trp-form-language\" value=\"en\"\/><\/form><\/div>  <!-- .wpforms-container -->\t\t\t\t<\/div>\n\t\t\t\t<\/div>\n\t\t\t\t\t<\/div>\n\t\t<\/div>\n\t\t\t\t\t<\/div>\n\t\t<\/section>\n\t\t\t\t<section class=\"elementor-section elementor-top-section elementor-element elementor-element-5bab0801 elementor-section-boxed elementor-section-height-default elementor-section-height-default\" data-id=\"5bab0801\" data-element_type=\"section\" data-e-type=\"section\" data-settings=\"{&quot;background_background&quot;:&quot;classic&quot;}\">\n\t\t\t\t\t\t<div class=\"elementor-container elementor-column-gap-default\">\n\t\t\t\t\t<div class=\"elementor-column elementor-col-100 elementor-top-column elementor-element elementor-element-a18b94e\" data-id=\"a18b94e\" data-element_type=\"column\" data-e-type=\"column\">\n\t\t\t<div class=\"elementor-widget-wrap elementor-element-populated\">\n\t\t\t\t\t\t<div class=\"elementor-element elementor-element-296f71bd elementor-widget elementor-widget-image\" data-id=\"296f71bd\" data-element_type=\"widget\" data-e-type=\"widget\" data-widget_type=\"image.default\">\n\t\t\t\t<div class=\"elementor-widget-container\">\n\t\t\t\t\t\t\t\t\t\t\t\t\t\t\t<img loading=\"lazy\" decoding=\"async\" width=\"2048\" height=\"245\" src=\"https:\/\/hispanoamericalapelicula.org\/wp-content\/uploads\/2023\/06\/logo-LLIFILMS-TILDE-blanco-2048x245.png\" class=\"attachment-2048x2048 size-2048x2048 wp-image-2034\" alt=\"\" srcset=\"https:\/\/hispanoamericalapelicula.org\/wp-content\/uploads\/2023\/06\/logo-LLIFILMS-TILDE-blanco-2048x245.png 2048w, https:\/\/hispanoamericalapelicula.org\/wp-content\/uploads\/2023\/06\/logo-LLIFILMS-TILDE-blanco-600x72.png 600w, https:\/\/hispanoamericalapelicula.org\/wp-content\/uploads\/2023\/06\/logo-LLIFILMS-TILDE-blanco-300x36.png 300w, https:\/\/hispanoamericalapelicula.org\/wp-content\/uploads\/2023\/06\/logo-LLIFILMS-TILDE-blanco-1024x123.png 1024w, https:\/\/hispanoamericalapelicula.org\/wp-content\/uploads\/2023\/06\/logo-LLIFILMS-TILDE-blanco-768x92.png 768w, https:\/\/hispanoamericalapelicula.org\/wp-content\/uploads\/2023\/06\/logo-LLIFILMS-TILDE-blanco-1536x184.png 1536w\" sizes=\"(max-width: 2048px) 100vw, 2048px\" \/>\t\t\t\t\t\t\t\t\t\t\t\t\t\t\t<\/div>\n\t\t\t\t<\/div>\n\t\t\t\t<div class=\"elementor-element elementor-element-76c64923 elementor-widget elementor-widget-text-editor\" data-id=\"76c64923\" data-element_type=\"widget\" data-e-type=\"widget\" data-widget_type=\"text-editor.default\">\n\t\t\t\t<div class=\"elementor-widget-container\">\n\t\t\t\t\t\t\t\t\t<p>L\u00f3pez-li films Sl<\/p>\n<p>Calle Miguel \u00c1ngel 20, 6ext, 28010, Madrid<\/p>\n<p style=\"font-size: 16px; font-style: normal; font-weight: 400;\">&nbsp; Contact us by Whatsapp to the following phone number:\n+34 621 383 816<\/p>\n<p>lopezlifilms@lopezlifilms.com<\/p>\t\t\t\t\t\t\t\t<\/div>\n\t\t\t\t<\/div>\n\t\t\t\t\t<\/div>\n\t\t<\/div>\n\t\t\t\t\t<\/div>\n\t\t<\/section>\n\t\t\t\t<\/div>","protected":false},"excerpt":{"rendered":"<p>Sobre la pel\u00edcula Hispanoam\u00e9rica es una pel\u00edcula documental que ofrece una visi\u00f3n renovada, veraz y visualmente poderosa de c\u00f3mo naci\u00f3 y se desarroll\u00f3 realmente la Am\u00e9rica Espa\u00f1ola. Iniciada en noviembre de 2022, se ha rodado en Ecuador, Espa\u00f1a, Per\u00fa, Bolivia, M\u00e9xico\u00a0y Estados Unidos. De la mano de nuestra distribuidora, BOSCO FILMS,\u00a0 la pel\u00edcula fue estrenada\u00a0en [&hellip;]<\/p>","protected":false},"author":1,"featured_media":0,"parent":0,"menu_order":0,"comment_status":"closed","ping_status":"closed","template":"","meta":{"give_campaign_id":0,"site-sidebar-layout":"no-sidebar","site-content-layout":"page-builder","ast-site-content-layout":"default","site-content-style":"default","site-sidebar-style":"default","ast-global-header-display":"","ast-banner-title-visibility":"","ast-main-header-display":"","ast-hfb-above-header-display":"","ast-hfb-below-header-display":"","ast-hfb-mobile-header-display":"","site-post-title":"disabled","ast-breadcrumbs-content":"","ast-featured-img":"disabled","footer-sml-layout":"","ast-disable-related-posts":"","theme-transparent-header-meta":"default","adv-header-id-meta":"","stick-header-meta":"","header-above-stick-meta":"","header-main-stick-meta":"","header-below-stick-meta":"","astra-migrate-meta-layouts":"default","ast-page-background-enabled":"default","ast-page-background-meta":{"desktop":{"background-color":"","background-image":"","background-repeat":"repeat","background-position":"center center","background-size":"auto","background-attachment":"scroll","background-type":"","background-media":"","overlay-type":"","overlay-color":"","overlay-opacity":"","overlay-gradient":""},"tablet":{"background-color":"","background-image":"","background-repeat":"repeat","background-position":"center center","background-size":"auto","background-attachment":"scroll","background-type":"","background-media":"","overlay-type":"","overlay-color":"","overlay-opacity":"","overlay-gradient":""},"mobile":{"background-color":"","background-image":"","background-repeat":"repeat","background-position":"center center","background-size":"auto","background-attachment":"scroll","background-type":"","background-media":"","overlay-type":"","overlay-color":"","overlay-opacity":"","overlay-gradient":""}},"ast-content-background-meta":{"desktop":{"background-color":"var(--ast-global-color-5)","background-image":"","background-repeat":"repeat","background-position":"center center","background-size":"auto","background-attachment":"scroll","background-type":"","background-media":"","overlay-type":"","overlay-color":"","overlay-opacity":"","overlay-gradient":""},"tablet":{"background-color":"var(--ast-global-color-5)","background-image":"","background-repeat":"repeat","background-position":"center center","background-size":"auto","background-attachment":"scroll","background-type":"","background-media":"","overlay-type":"","overlay-color":"","overlay-opacity":"","overlay-gradient":""},"mobile":{"background-color":"var(--ast-global-color-5)","background-image":"","background-repeat":"repeat","background-position":"center center","background-size":"auto","background-attachment":"scroll","background-type":"","background-media":"","overlay-type":"","overlay-color":"","overlay-opacity":"","overlay-gradient":""}},"footnotes":""},"class_list":["post-138","page","type-page","status-publish","hentry"],"campaignId":"","_links":{"self":[{"href":"https:\/\/hispanoamericalapelicula.org\/en\/wp-json\/wp\/v2\/pages\/138","targetHints":{"allow":["GET"]}}],"collection":[{"href":"https:\/\/hispanoamericalapelicula.org\/en\/wp-json\/wp\/v2\/pages"}],"about":[{"href":"https:\/\/hispanoamericalapelicula.org\/en\/wp-json\/wp\/v2\/types\/page"}],"author":[{"embeddable":true,"href":"https:\/\/hispanoamericalapelicula.org\/en\/wp-json\/wp\/v2\/users\/1"}],"replies":[{"embeddable":true,"href":"https:\/\/hispanoamericalapelicula.org\/en\/wp-json\/wp\/v2\/comments?post=138"}],"version-history":[{"count":109,"href":"https:\/\/hispanoamericalapelicula.org\/en\/wp-json\/wp\/v2\/pages\/138\/revisions"}],"predecessor-version":[{"id":7356,"href":"https:\/\/hispanoamericalapelicula.org\/en\/wp-json\/wp\/v2\/pages\/138\/revisions\/7356"}],"wp:attachment":[{"href":"https:\/\/hispanoamericalapelicula.org\/en\/wp-json\/wp\/v2\/media?parent=138"}],"curies":[{"name":"wp","href":"https:\/\/api.w.org\/{rel}","templated":true}]}}