{"id":2780,"date":"2023-09-29T09:53:23","date_gmt":"2023-09-29T09:53:23","guid":{"rendered":"https:\/\/hispanoamericalapelicula.org\/?page_id=2780"},"modified":"2023-10-19T11:21:05","modified_gmt":"2023-10-19T11:21:05","slug":"noticias","status":"publish","type":"page","link":"https:\/\/hispanoamericalapelicula.org\/en\/noticias\/","title":{"rendered":"News"},"content":{"rendered":"<p><style>\/*! elementor - v3.15.0 - 20-08-2023 *\/<br \/>\n.elementor-heading-title{padding:0;margin:0;line-height:1}.elementor-widget-heading .elementor-heading-title[class*=elementor-size-]>a{color:inherit;font-size:inherit;line-height:inherit}.elementor-widget-heading .elementor-heading-title.elementor-size-small{font-size:15px}.elementor-widget-heading .elementor-heading-title.elementor-size-medium{font-size:19px}.elementor-widget-heading .elementor-heading-title.elementor-size-large{font-size:29px}.elementor-widget-heading .elementor-heading-title.elementor-size-xl{font-size:39px}.elementor-widget-heading .elementor-heading-title.elementor-size-xxl{font-size:59px}<\/style><\/p>\n<h2>News<\/h2>\n\n<ul class=\"wp-block-latest-posts__list is-grid columns-3 wp-block-latest-posts\"><li><div class=\"wp-block-latest-posts__featured-image\"><img fetchpriority=\"high\" decoding=\"async\" width=\"1024\" height=\"1024\" src=\"https:\/\/hispanoamericalapelicula.org\/wp-content\/uploads\/2024\/11\/WhatsApp-Image-2024-11-05-at-16.55.22-1024x1024.jpeg\" class=\"attachment-large size-large wp-post-image\" alt=\"\" style=\"\" srcset=\"https:\/\/hispanoamericalapelicula.org\/wp-content\/uploads\/2024\/11\/WhatsApp-Image-2024-11-05-at-16.55.22-1024x1024.jpeg 1024w, https:\/\/hispanoamericalapelicula.org\/wp-content\/uploads\/2024\/11\/WhatsApp-Image-2024-11-05-at-16.55.22-300x300.jpeg 300w, https:\/\/hispanoamericalapelicula.org\/wp-content\/uploads\/2024\/11\/WhatsApp-Image-2024-11-05-at-16.55.22-100x100.jpeg 100w, https:\/\/hispanoamericalapelicula.org\/wp-content\/uploads\/2024\/11\/WhatsApp-Image-2024-11-05-at-16.55.22-600x600.jpeg 600w, https:\/\/hispanoamericalapelicula.org\/wp-content\/uploads\/2024\/11\/WhatsApp-Image-2024-11-05-at-16.55.22-150x150.jpeg 150w, https:\/\/hispanoamericalapelicula.org\/wp-content\/uploads\/2024\/11\/WhatsApp-Image-2024-11-05-at-16.55.22-768x768.jpeg 768w, https:\/\/hispanoamericalapelicula.org\/wp-content\/uploads\/2024\/11\/WhatsApp-Image-2024-11-05-at-16.55.22-1536x1536.jpeg 1536w, https:\/\/hispanoamericalapelicula.org\/wp-content\/uploads\/2024\/11\/WhatsApp-Image-2024-11-05-at-16.55.22-12x12.jpeg 12w, https:\/\/hispanoamericalapelicula.org\/wp-content\/uploads\/2024\/11\/WhatsApp-Image-2024-11-05-at-16.55.22.jpeg 1600w\" sizes=\"(max-width: 1024px) 100vw, 1024px\" \/><\/div><a class=\"wp-block-latest-posts__post-title\" href=\"https:\/\/hispanoamericalapelicula.org\/en\/presentacion-del-libro-hispanoamerica-canto-de-vida-y-esperanza-en-el-espacio-bertelsmann-en-madrid\/\">Presentaci\u00f3n del libro &#8216;Hispanoam\u00e9rica, canto de vida y esperanza&#8217; en el Espacio Bertelsmann en Madrid<\/a><div class=\"wp-block-latest-posts__post-excerpt\">\u00a1Amigos! El pr\u00f3ximo mi\u00e9rcoles presentamos el libro de &#8216;HISPANOAM\u00c9RICA, canto de vida y esperanza&#8217; @penguinlibros en el @e_bertelsmann Con Jos\u00e9 Luis L\u00f3pez-Linares y nuestro querido amigo @JuanValderramaC Una gran oportunidad para que os lo dediquen: http:\/\/tiendahispanoamericalapelicula.com<\/div><\/li>\n<li><div class=\"wp-block-latest-posts__featured-image\"><img decoding=\"async\" width=\"1024\" height=\"724\" src=\"https:\/\/hispanoamericalapelicula.org\/wp-content\/uploads\/2024\/10\/WhatsApp-Image-2024-10-15-at-14.42.14-1024x724.jpeg\" class=\"attachment-large size-large wp-post-image\" alt=\"\" style=\"\" srcset=\"https:\/\/hispanoamericalapelicula.org\/wp-content\/uploads\/2024\/10\/WhatsApp-Image-2024-10-15-at-14.42.14-1024x724.jpeg 1024w, https:\/\/hispanoamericalapelicula.org\/wp-content\/uploads\/2024\/10\/WhatsApp-Image-2024-10-15-at-14.42.14-600x424.jpeg 600w, https:\/\/hispanoamericalapelicula.org\/wp-content\/uploads\/2024\/10\/WhatsApp-Image-2024-10-15-at-14.42.14-300x212.jpeg 300w, https:\/\/hispanoamericalapelicula.org\/wp-content\/uploads\/2024\/10\/WhatsApp-Image-2024-10-15-at-14.42.14-768x543.jpeg 768w, https:\/\/hispanoamericalapelicula.org\/wp-content\/uploads\/2024\/10\/WhatsApp-Image-2024-10-15-at-14.42.14-1536x1086.jpeg 1536w, https:\/\/hispanoamericalapelicula.org\/wp-content\/uploads\/2024\/10\/WhatsApp-Image-2024-10-15-at-14.42.14-18x12.jpeg 18w, https:\/\/hispanoamericalapelicula.org\/wp-content\/uploads\/2024\/10\/WhatsApp-Image-2024-10-15-at-14.42.14.jpeg 1600w\" sizes=\"(max-width: 1024px) 100vw, 1024px\" \/><\/div><a class=\"wp-block-latest-posts__post-title\" href=\"https:\/\/hispanoamericalapelicula.org\/en\/jornadas-hispanoamerica-un-futuro-compartido-al-completo-en-nuestro-canal-de-youtube\/\">Jornadas &#8216;HISPANOAM\u00c9RICA, un futuro compartido&#8217; al COMPLETO en nuestro CANAL de YOUTUBE<\/a><div class=\"wp-block-latest-posts__post-excerpt\">Ya pueden ver las jornadas &#8216;HISPANOAM\u00c9RICA, un futuro compartido&#8217; al COMPLETO en nuestro CANAL de YOUTUBE Gracias @unidosxhistoria por organizar este fant\u00e1stico evento con nosotros.<\/div><\/li>\n<li><div class=\"wp-block-latest-posts__featured-image\"><img decoding=\"async\" width=\"1024\" height=\"768\" src=\"https:\/\/hispanoamericalapelicula.org\/wp-content\/uploads\/2024\/10\/WhatsApp-Image-2024-10-09-at-11.15.13-1024x768.jpeg\" class=\"attachment-large size-large wp-post-image\" alt=\"\" style=\"\" srcset=\"https:\/\/hispanoamericalapelicula.org\/wp-content\/uploads\/2024\/10\/WhatsApp-Image-2024-10-09-at-11.15.13-1024x768.jpeg 1024w, https:\/\/hispanoamericalapelicula.org\/wp-content\/uploads\/2024\/10\/WhatsApp-Image-2024-10-09-at-11.15.13-600x450.jpeg 600w, https:\/\/hispanoamericalapelicula.org\/wp-content\/uploads\/2024\/10\/WhatsApp-Image-2024-10-09-at-11.15.13-300x225.jpeg 300w, https:\/\/hispanoamericalapelicula.org\/wp-content\/uploads\/2024\/10\/WhatsApp-Image-2024-10-09-at-11.15.13-768x576.jpeg 768w, https:\/\/hispanoamericalapelicula.org\/wp-content\/uploads\/2024\/10\/WhatsApp-Image-2024-10-09-at-11.15.13-1536x1152.jpeg 1536w, https:\/\/hispanoamericalapelicula.org\/wp-content\/uploads\/2024\/10\/WhatsApp-Image-2024-10-09-at-11.15.13-16x12.jpeg 16w, https:\/\/hispanoamericalapelicula.org\/wp-content\/uploads\/2024\/10\/WhatsApp-Image-2024-10-09-at-11.15.13.jpeg 1600w\" sizes=\"(max-width: 1024px) 100vw, 1024px\" \/><\/div><a class=\"wp-block-latest-posts__post-title\" href=\"https:\/\/hispanoamericalapelicula.org\/en\/exito-de-la-pelicula-en-las-jornadas-en-cdmx-8-dias-para-el-estreno-en-todo-el-pais\/\">\u00c9xito de la pel\u00edcula en las JORNADAS en CDMX. 8 D\u00cdAS para el estreno en todo el pa\u00eds.<\/a><div class=\"wp-block-latest-posts__post-excerpt\">Lleno absoluto y ovaci\u00f3n general en la proyecci\u00f3n de &#8216;HISPANOAM\u00c9RICA, canto de vida y esperanza&#8217; en las JORNADAS en CDMX @ElMuseoSoumaya @unidosxhistoria @Fund_CarlosSlim S\u00f3lo 8 D\u00cdAS para el estreno en CINES en todo M\u00c9XICO. \u00a1Pronto m\u00e1s informaci\u00f3n! https:\/\/hispanoamericalapelicula.org Os recordamos que las JORNADAS contin\u00faan el d\u00eda de HOY.<\/div><\/li>\n<li><div class=\"wp-block-latest-posts__featured-image\"><img loading=\"lazy\" decoding=\"async\" width=\"1024\" height=\"768\" src=\"https:\/\/hispanoamericalapelicula.org\/wp-content\/uploads\/2024\/10\/GZELr5tW8AAk33W-1024x768.jpeg\" class=\"attachment-large size-large wp-post-image\" alt=\"\" style=\"\" srcset=\"https:\/\/hispanoamericalapelicula.org\/wp-content\/uploads\/2024\/10\/GZELr5tW8AAk33W-1024x768.jpeg 1024w, https:\/\/hispanoamericalapelicula.org\/wp-content\/uploads\/2024\/10\/GZELr5tW8AAk33W-600x450.jpeg 600w, https:\/\/hispanoamericalapelicula.org\/wp-content\/uploads\/2024\/10\/GZELr5tW8AAk33W-300x225.jpeg 300w, https:\/\/hispanoamericalapelicula.org\/wp-content\/uploads\/2024\/10\/GZELr5tW8AAk33W-768x576.jpeg 768w, https:\/\/hispanoamericalapelicula.org\/wp-content\/uploads\/2024\/10\/GZELr5tW8AAk33W-1536x1152.jpeg 1536w, https:\/\/hispanoamericalapelicula.org\/wp-content\/uploads\/2024\/10\/GZELr5tW8AAk33W-16x12.jpeg 16w, https:\/\/hispanoamericalapelicula.org\/wp-content\/uploads\/2024\/10\/GZELr5tW8AAk33W.jpeg 1600w\" sizes=\"(max-width: 1024px) 100vw, 1024px\" \/><\/div><a class=\"wp-block-latest-posts__post-title\" href=\"https:\/\/hispanoamericalapelicula.org\/en\/preestreno-en-miami-ya-en-estados-unidos\/\">\u00a1PREESTRENO EN MIAMI! YA EN ESTADOS UNIDOS<\/a><div class=\"wp-block-latest-posts__post-excerpt\">\u00c9xito absoluto en el preestreno de ayer en MIAMI. Hoy comienza la andadura de \u2018HISPANOAM\u00c9RICA, canto de vida y esperanza\u2019 en los cines de ESTADOS UNIDOS Es muy importante ir a verla este primer fin de semana, para que los cines la mantengan. Consigue tu entrada en http:\/\/hispanoamericalapelicula.org Gracias al C\u00f3nsul General de Espa\u00f1a D.\u2026 <a class=\"wp-block-latest-posts__read-more\" href=\"https:\/\/hispanoamericalapelicula.org\/en\/preestreno-en-miami-ya-en-estados-unidos\/\" rel=\"noopener noreferrer\">Read more<span class=\"screen-reader-text\">: \u00a1PREESTRENO EN MIAMI! YA EN ESTADOS UNIDOS<\/span><\/a><\/div><\/li>\n<li><div class=\"wp-block-latest-posts__featured-image\"><img loading=\"lazy\" decoding=\"async\" width=\"1024\" height=\"1024\" src=\"https:\/\/hispanoamericalapelicula.org\/wp-content\/uploads\/2024\/08\/Diseno-sin-titulo-1024x1024.png\" class=\"attachment-large size-large wp-post-image\" alt=\"\" style=\"\" srcset=\"https:\/\/hispanoamericalapelicula.org\/wp-content\/uploads\/2024\/08\/Diseno-sin-titulo-1024x1024.png 1024w, https:\/\/hispanoamericalapelicula.org\/wp-content\/uploads\/2024\/08\/Diseno-sin-titulo-300x300.png 300w, https:\/\/hispanoamericalapelicula.org\/wp-content\/uploads\/2024\/08\/Diseno-sin-titulo-100x100.png 100w, https:\/\/hispanoamericalapelicula.org\/wp-content\/uploads\/2024\/08\/Diseno-sin-titulo-600x600.png 600w, https:\/\/hispanoamericalapelicula.org\/wp-content\/uploads\/2024\/08\/Diseno-sin-titulo-150x150.png 150w, https:\/\/hispanoamericalapelicula.org\/wp-content\/uploads\/2024\/08\/Diseno-sin-titulo-768x768.png 768w, https:\/\/hispanoamericalapelicula.org\/wp-content\/uploads\/2024\/08\/Diseno-sin-titulo.png 1080w\" sizes=\"(max-width: 1024px) 100vw, 1024px\" \/><\/div><a class=\"wp-block-latest-posts__post-title\" href=\"https:\/\/hispanoamericalapelicula.org\/en\/hispanoamerica-canto-de-vida-y-esperanza-se-estrena-en-america-octubre-2024\/\">\u00a1&#8217;HISPANOAM\u00c9RICA, canto de vida y esperanza&#8217; se estrena en Am\u00e9rica! | OCTUBRE 2024<\/a><div class=\"wp-block-latest-posts__post-excerpt\">Amigos hispanoamericanos: \u00a1Este OCTUBRE 2024, estrenamos en HISPANOAM\u00c9RICA! &#8216;HISPANOAM\u00c9RICA, canto de vida y esperanza&#8217; llega a: M\u00e9xico Estados Unidos Per\u00fa Ecuador Bolivia Costa Rica El Salvador Honduras Guatemala Panam\u00e1 Uruguay Colombia P\u00eddela en tu ciudad: https:\/\/hispanoamericalapelicula.org\/pidela-en-tu-ciudad\/<\/div><\/li>\n<li><div class=\"wp-block-latest-posts__featured-image\"><img loading=\"lazy\" decoding=\"async\" width=\"1024\" height=\"1024\" src=\"https:\/\/hispanoamericalapelicula.org\/wp-content\/uploads\/2024\/06\/Primera-recompensa-1024x1024.png\" class=\"attachment-large size-large wp-post-image\" alt=\"\" style=\"\" srcset=\"https:\/\/hispanoamericalapelicula.org\/wp-content\/uploads\/2024\/06\/Primera-recompensa-1024x1024.png 1024w, https:\/\/hispanoamericalapelicula.org\/wp-content\/uploads\/2024\/06\/Primera-recompensa-300x300.png 300w, https:\/\/hispanoamericalapelicula.org\/wp-content\/uploads\/2024\/06\/Primera-recompensa-100x100.png 100w, https:\/\/hispanoamericalapelicula.org\/wp-content\/uploads\/2024\/06\/Primera-recompensa-600x600.png 600w, https:\/\/hispanoamericalapelicula.org\/wp-content\/uploads\/2024\/06\/Primera-recompensa-150x150.png 150w, https:\/\/hispanoamericalapelicula.org\/wp-content\/uploads\/2024\/06\/Primera-recompensa-768x768.png 768w, https:\/\/hispanoamericalapelicula.org\/wp-content\/uploads\/2024\/06\/Primera-recompensa.png 1080w\" sizes=\"(max-width: 1024px) 100vw, 1024px\" \/><\/div><a class=\"wp-block-latest-posts__post-title\" href=\"https:\/\/hispanoamericalapelicula.org\/en\/primera-recompensa-del-mecenazgo-y-plan-de-distribucion-en-america\/\">PRIMERA RECOMPENSA del MECENAZGO y PLAN DE DISTRIBUCI\u00d3N en AM\u00c9RICA<\/a><div class=\"wp-block-latest-posts__post-excerpt\">Si has sido mecenas de \u2018Hispanoam\u00e9rica, canto de vida y esperanza\u2019, revisa tu correo (y tu carpeta de Spam) y busca un email de L\u00f3pez-li Films donde te contamos nuestros planes de distribuci\u00f3n en Am\u00e9rica y te mandamos tu primera recompensa<\/div><\/li>\n<li><div class=\"wp-block-latest-posts__featured-image\"><img loading=\"lazy\" decoding=\"async\" width=\"1024\" height=\"1024\" src=\"https:\/\/hispanoamericalapelicula.org\/wp-content\/uploads\/2024\/06\/guadalajra-1024x1024.png\" class=\"attachment-large size-large wp-post-image\" alt=\"\" style=\"\" srcset=\"https:\/\/hispanoamericalapelicula.org\/wp-content\/uploads\/2024\/06\/guadalajra-1024x1024.png 1024w, https:\/\/hispanoamericalapelicula.org\/wp-content\/uploads\/2024\/06\/guadalajra-300x300.png 300w, https:\/\/hispanoamericalapelicula.org\/wp-content\/uploads\/2024\/06\/guadalajra-100x100.png 100w, https:\/\/hispanoamericalapelicula.org\/wp-content\/uploads\/2024\/06\/guadalajra-600x600.png 600w, https:\/\/hispanoamericalapelicula.org\/wp-content\/uploads\/2024\/06\/guadalajra-150x150.png 150w, https:\/\/hispanoamericalapelicula.org\/wp-content\/uploads\/2024\/06\/guadalajra-768x768.png 768w, https:\/\/hispanoamericalapelicula.org\/wp-content\/uploads\/2024\/06\/guadalajra.png 1080w\" sizes=\"(max-width: 1024px) 100vw, 1024px\" \/><\/div><a class=\"wp-block-latest-posts__post-title\" href=\"https:\/\/hispanoamericalapelicula.org\/en\/hispanoamerica-canto-de-vida-y-esperanza-llega-al-festival-de-guadalajara-en-mexico\/\">&#8216;HISPANOAM\u00c9RICA, canto de vida y esperanza&#8217; llega al festival de GUADALAJARA en M\u00c9XICO<\/a><div class=\"wp-block-latest-posts__post-excerpt\">Queridos amigos: \u00a1\u2019Hispanoam\u00e9rica, canto de vida y esperanza\u2019 llega a M\u00e9xico ! Tenemos el placer de anunciar que la pel\u00edcula se presentar\u00e1 en el Festival Internacional de Cine en Guadalajara (@fFICGoficial), el pr\u00f3ximo s\u00e1bado 8 de junio a las 15.00h en la Cineteca FICG. Si est\u00e1n en M\u00e9xico, no pierdan la ocasi\u00f3n de ir. Acudir\u00e1\u2026 <a class=\"wp-block-latest-posts__read-more\" href=\"https:\/\/hispanoamericalapelicula.org\/en\/hispanoamerica-canto-de-vida-y-esperanza-llega-al-festival-de-guadalajara-en-mexico\/\" rel=\"noopener noreferrer\">Read more<span class=\"screen-reader-text\">: &#8216;HISPANOAM\u00c9RICA, canto de vida y esperanza&#8217; llega al festival de GUADALAJARA en M\u00c9XICO<\/span><\/a><\/div><\/li>\n<li><div class=\"wp-block-latest-posts__featured-image\"><img loading=\"lazy\" decoding=\"async\" width=\"1024\" height=\"1024\" src=\"https:\/\/hispanoamericalapelicula.org\/wp-content\/uploads\/2024\/05\/dalmau-1024x1024.png\" class=\"attachment-large size-large wp-post-image\" alt=\"\" style=\"\" srcset=\"https:\/\/hispanoamericalapelicula.org\/wp-content\/uploads\/2024\/05\/dalmau-1024x1024.png 1024w, https:\/\/hispanoamericalapelicula.org\/wp-content\/uploads\/2024\/05\/dalmau-300x300.png 300w, https:\/\/hispanoamericalapelicula.org\/wp-content\/uploads\/2024\/05\/dalmau-100x100.png 100w, https:\/\/hispanoamericalapelicula.org\/wp-content\/uploads\/2024\/05\/dalmau-600x600.png 600w, https:\/\/hispanoamericalapelicula.org\/wp-content\/uploads\/2024\/05\/dalmau-150x150.png 150w, https:\/\/hispanoamericalapelicula.org\/wp-content\/uploads\/2024\/05\/dalmau-768x768.png 768w, https:\/\/hispanoamericalapelicula.org\/wp-content\/uploads\/2024\/05\/dalmau.png 1080w\" sizes=\"(max-width: 1024px) 100vw, 1024px\" \/><\/div><a class=\"wp-block-latest-posts__post-title\" href=\"https:\/\/hispanoamericalapelicula.org\/en\/500-anos-despues-de-los-12-apostoles-franciscanos-hispanoamerica-canto-de-vida-y-esperanza-desembarca-en-america\/\">500 a\u00f1os despu\u00e9s de los 12 ap\u00f3stoles franciscanos, &#8216;HISPANOAM\u00c9RICA, canto de vida y esperanza&#8217;, desembarca en Am\u00e9rica<\/a><div class=\"wp-block-latest-posts__post-excerpt\">El 13 de mayo de 1524, llegaron los 12 ap\u00f3stoles franciscanos al puerto de Veracruz. 500 a\u00f1os m\u00e1s tarde, en la misma fecha, desembarca &#8216;Hispanoam\u00e9rica, canto de vida y esperanza&#8217; en Colombia, en el cine@ClubRoyalFilms de Bogot\u00e1. Gracias a @DalmauFerrer por dejarnos grabar su fant\u00e1stico cuadro y al Exmo. Sr Joaquin de Aristegui @JAL_1966 ,\u2026 <a class=\"wp-block-latest-posts__read-more\" href=\"https:\/\/hispanoamericalapelicula.org\/en\/500-anos-despues-de-los-12-apostoles-franciscanos-hispanoamerica-canto-de-vida-y-esperanza-desembarca-en-america\/\" rel=\"noopener noreferrer\">Read more<span class=\"screen-reader-text\">: 500 a\u00f1os despu\u00e9s de los 12 ap\u00f3stoles franciscanos, &#8216;HISPANOAM\u00c9RICA, canto de vida y esperanza&#8217;, desembarca en Am\u00e9rica<\/span><\/a><\/div><\/li>\n<li><div class=\"wp-block-latest-posts__featured-image\"><img loading=\"lazy\" decoding=\"async\" width=\"716\" height=\"1024\" src=\"https:\/\/hispanoamericalapelicula.org\/wp-content\/uploads\/2024\/03\/WhatsApp-Image-2024-03-13-at-18.46.31-716x1024.jpeg\" class=\"attachment-large size-large wp-post-image\" alt=\"\" style=\"\" srcset=\"https:\/\/hispanoamericalapelicula.org\/wp-content\/uploads\/2024\/03\/WhatsApp-Image-2024-03-13-at-18.46.31-716x1024.jpeg 716w, https:\/\/hispanoamericalapelicula.org\/wp-content\/uploads\/2024\/03\/WhatsApp-Image-2024-03-13-at-18.46.31-600x858.jpeg 600w, https:\/\/hispanoamericalapelicula.org\/wp-content\/uploads\/2024\/03\/WhatsApp-Image-2024-03-13-at-18.46.31-210x300.jpeg 210w, https:\/\/hispanoamericalapelicula.org\/wp-content\/uploads\/2024\/03\/WhatsApp-Image-2024-03-13-at-18.46.31-768x1098.jpeg 768w, https:\/\/hispanoamericalapelicula.org\/wp-content\/uploads\/2024\/03\/WhatsApp-Image-2024-03-13-at-18.46.31-1074x1536.jpeg 1074w, https:\/\/hispanoamericalapelicula.org\/wp-content\/uploads\/2024\/03\/WhatsApp-Image-2024-03-13-at-18.46.31.jpeg 1119w\" sizes=\"(max-width: 716px) 100vw, 716px\" \/><\/div><a class=\"wp-block-latest-posts__post-title\" href=\"https:\/\/hispanoamericalapelicula.org\/en\/hispanoamerica-canto-de-vida-y-esperanza-12-de-abril-estreno-en-cines\/\">HISPANOAM\u00c9RICA, canto de vida y esperanza: 12 DE ABRIL ESTRENO EN CINES<\/a><div class=\"wp-block-latest-posts__post-excerpt\">HISPANOAM\u00c9RICA, canto de vida y esperanza: 12 DE ABRIL ESTRENO EN CINES Amigos hispanos: Nos han contado mal la historia. El relato de santos ind\u00edgenas y demonios espa\u00f1oles nos despoja de 3 siglos de la incomparable&nbsp;Am\u00e9rica Hispana, nuestra casa com\u00fan. Este 12 de abril,&nbsp;recuper\u00e9mosla. HISPANOAM\u00c9RICA, canto de vida y esperanza En cines 12\/4\/24<\/div><\/li>\n<li><div class=\"wp-block-latest-posts__featured-image\"><img loading=\"lazy\" decoding=\"async\" width=\"1024\" height=\"1024\" src=\"https:\/\/hispanoamericalapelicula.org\/wp-content\/uploads\/2024\/02\/WhatsApp-Image-2024-02-20-at-13.51.46-edited-1024x1024.jpeg\" class=\"attachment-large size-large wp-post-image\" alt=\"\" style=\"\" srcset=\"https:\/\/hispanoamericalapelicula.org\/wp-content\/uploads\/2024\/02\/WhatsApp-Image-2024-02-20-at-13.51.46-edited-1024x1024.jpeg 1024w, https:\/\/hispanoamericalapelicula.org\/wp-content\/uploads\/2024\/02\/WhatsApp-Image-2024-02-20-at-13.51.46-edited-300x300.jpeg 300w, https:\/\/hispanoamericalapelicula.org\/wp-content\/uploads\/2024\/02\/WhatsApp-Image-2024-02-20-at-13.51.46-edited-100x100.jpeg 100w, https:\/\/hispanoamericalapelicula.org\/wp-content\/uploads\/2024\/02\/WhatsApp-Image-2024-02-20-at-13.51.46-edited-600x600.jpeg 600w, https:\/\/hispanoamericalapelicula.org\/wp-content\/uploads\/2024\/02\/WhatsApp-Image-2024-02-20-at-13.51.46-edited-150x150.jpeg 150w, https:\/\/hispanoamericalapelicula.org\/wp-content\/uploads\/2024\/02\/WhatsApp-Image-2024-02-20-at-13.51.46-edited-768x768.jpeg 768w, https:\/\/hispanoamericalapelicula.org\/wp-content\/uploads\/2024\/02\/WhatsApp-Image-2024-02-20-at-13.51.46-edited.jpeg 1205w\" sizes=\"(max-width: 1024px) 100vw, 1024px\" \/><\/div><a class=\"wp-block-latest-posts__post-title\" href=\"https:\/\/hispanoamericalapelicula.org\/en\/rodamos-a-augusto-ferrer-dalmau-y-su-cuadro-de-la-llegada-de-los-12-apostoles-franciscanos-a-mexico-en-1524\/\">Rodamos a Augusto Ferrer-Dalmau y su cuadro de la llegada de los 12 ap\u00f3stoles franciscanos a M\u00e9xico en 1524<\/a><div class=\"wp-block-latest-posts__post-excerpt\">20 de Febrero de 2024 Muchas gracias a\u00a0Augusto Ferrer-Dalmau\u00a0por haber podido rodar en su estudio este magn\u00edfico cuadro sobre la llegada de los 12 ap\u00f3stoles franciscanos a M\u00e9xico en 1524. Lo presentar\u00e1 en Cartagena el pr\u00f3ximo 29 de febrero Pronto Hispanoam\u00e9rica. Estreno en Abril 2024.<\/div><\/li>\n<li><div class=\"wp-block-latest-posts__featured-image\"><img loading=\"lazy\" decoding=\"async\" width=\"1024\" height=\"1024\" src=\"https:\/\/hispanoamericalapelicula.org\/wp-content\/uploads\/2024\/01\/PREMIO-JOSE-1024x1024.png\" class=\"attachment-large size-large wp-post-image\" alt=\"\" style=\"\" srcset=\"https:\/\/hispanoamericalapelicula.org\/wp-content\/uploads\/2024\/01\/PREMIO-JOSE-1024x1024.png 1024w, https:\/\/hispanoamericalapelicula.org\/wp-content\/uploads\/2024\/01\/PREMIO-JOSE-300x300.png 300w, https:\/\/hispanoamericalapelicula.org\/wp-content\/uploads\/2024\/01\/PREMIO-JOSE-100x100.png 100w, https:\/\/hispanoamericalapelicula.org\/wp-content\/uploads\/2024\/01\/PREMIO-JOSE-600x600.png 600w, https:\/\/hispanoamericalapelicula.org\/wp-content\/uploads\/2024\/01\/PREMIO-JOSE-150x150.png 150w, https:\/\/hispanoamericalapelicula.org\/wp-content\/uploads\/2024\/01\/PREMIO-JOSE-768x768.png 768w, https:\/\/hispanoamericalapelicula.org\/wp-content\/uploads\/2024\/01\/PREMIO-JOSE.png 1080w\" sizes=\"(max-width: 1024px) 100vw, 1024px\" \/><\/div><a class=\"wp-block-latest-posts__post-title\" href=\"https:\/\/hispanoamericalapelicula.org\/en\/jose-luis-lopez-linares-distinguido-con-la-medalla-de-oro-al-merito-en-las-bellas-artes-2023\/\">Jos\u00e9 Luis L\u00f3pez-Linares distinguido con la Medalla de Oro al m\u00e9rito en las Bellas Artes 2023<\/a><div class=\"wp-block-latest-posts__post-excerpt\">\u00abQueridos amigos: Quiero trasladar mi m\u00e1s sincero agradecimiento a todos los que me han felicitado en el d\u00eda de hoy por este inesperado premio. Es un orgullo para m\u00ed contribuir a la defensa y difusi\u00f3n de las Bellas Artes hispanas. Seguir\u00e9 trabajando por dar continuidad y expresi\u00f3n a nuestro gran patrimonio cultural\u00bb. Jos\u00e9 Luis L\u00f3pez-Linares<\/div><\/li>\n<li><div class=\"wp-block-latest-posts__featured-image\"><img loading=\"lazy\" decoding=\"async\" width=\"1024\" height=\"574\" src=\"https:\/\/hispanoamericalapelicula.org\/wp-content\/uploads\/2024\/01\/Captura-de-pantalla-2024-01-03-a-las-19.04.26-1024x574.png\" class=\"attachment-large size-large wp-post-image\" alt=\"\" style=\"\" srcset=\"https:\/\/hispanoamericalapelicula.org\/wp-content\/uploads\/2024\/01\/Captura-de-pantalla-2024-01-03-a-las-19.04.26-1024x574.png 1024w, https:\/\/hispanoamericalapelicula.org\/wp-content\/uploads\/2024\/01\/Captura-de-pantalla-2024-01-03-a-las-19.04.26-600x336.png 600w, https:\/\/hispanoamericalapelicula.org\/wp-content\/uploads\/2024\/01\/Captura-de-pantalla-2024-01-03-a-las-19.04.26-300x168.png 300w, https:\/\/hispanoamericalapelicula.org\/wp-content\/uploads\/2024\/01\/Captura-de-pantalla-2024-01-03-a-las-19.04.26-768x430.png 768w, https:\/\/hispanoamericalapelicula.org\/wp-content\/uploads\/2024\/01\/Captura-de-pantalla-2024-01-03-a-las-19.04.26.png 1499w\" sizes=\"(max-width: 1024px) 100vw, 1024px\" \/><\/div><a class=\"wp-block-latest-posts__post-title\" href=\"https:\/\/hispanoamericalapelicula.org\/en\/gracias-por-este-ano\/\">A nuestros mecenas: \u00a1Gracias por este a\u00f1o!<\/a><div class=\"wp-block-latest-posts__post-excerpt\">Queridos mecenas: Gracias a vuestro apoyo, este a\u00f1o 2023 hemos viajado a cinco pa\u00edses alrededor de toda Am\u00e9rica. Hemos podido mostrar toda la riqueza del gran patrimonio cultural y la Historia que compartimos todos los hispanoamericanos, que merece ser contada como realmente fue. Por ello, queremos compartir algunas im\u00e1genes que aparecer\u00e1n en el documental y\u2026 <a class=\"wp-block-latest-posts__read-more\" href=\"https:\/\/hispanoamericalapelicula.org\/en\/gracias-por-este-ano\/\" rel=\"noopener noreferrer\">Read more<span class=\"screen-reader-text\">: A nuestros mecenas: \u00a1Gracias por este a\u00f1o!<\/span><\/a><\/div><\/li>\n<li><div class=\"wp-block-latest-posts__featured-image\"><img loading=\"lazy\" decoding=\"async\" width=\"1024\" height=\"1024\" src=\"https:\/\/hispanoamericalapelicula.org\/wp-content\/uploads\/2023\/12\/Guadalupe_moneda_01-1024x1024.png\" class=\"attachment-large size-large wp-post-image\" alt=\"\" style=\"\" srcset=\"https:\/\/hispanoamericalapelicula.org\/wp-content\/uploads\/2023\/12\/Guadalupe_moneda_01-1024x1024.png 1024w, https:\/\/hispanoamericalapelicula.org\/wp-content\/uploads\/2023\/12\/Guadalupe_moneda_01-300x300.png 300w, https:\/\/hispanoamericalapelicula.org\/wp-content\/uploads\/2023\/12\/Guadalupe_moneda_01-100x100.png 100w, https:\/\/hispanoamericalapelicula.org\/wp-content\/uploads\/2023\/12\/Guadalupe_moneda_01-600x600.png 600w, https:\/\/hispanoamericalapelicula.org\/wp-content\/uploads\/2023\/12\/Guadalupe_moneda_01-150x150.png 150w, https:\/\/hispanoamericalapelicula.org\/wp-content\/uploads\/2023\/12\/Guadalupe_moneda_01-768x768.png 768w, https:\/\/hispanoamericalapelicula.org\/wp-content\/uploads\/2023\/12\/Guadalupe_moneda_01.png 1080w\" sizes=\"(max-width: 1024px) 100vw, 1024px\" \/><\/div><a class=\"wp-block-latest-posts__post-title\" href=\"https:\/\/hispanoamericalapelicula.org\/en\/real-de-a-ocho-hispanoamerica-serie-virgen-de-guadalupe\/\">REAL DE A OCHO HISPANOAM\u00c9RICA &#8211; SERIE VIRGEN DE GUADALUPE<\/a><div class=\"wp-block-latest-posts__post-excerpt\">Queridos amigos: Hoy 12 de diciembre es el d\u00eda de Nuestra Se\u00f1ora de Guadalupe, Patrona de M\u00e9xico y Emperatriz de las Am\u00e9ricas, cuya influencia fue decisiva en el nacimiento de HISPANOAM\u00c9RICA. Por eso la Virgen de Guadalupe es la imagen de la nuestra primera serie de monedas de plata inspiradas en el Real de a\u2026 <a class=\"wp-block-latest-posts__read-more\" href=\"https:\/\/hispanoamericalapelicula.org\/en\/real-de-a-ocho-hispanoamerica-serie-virgen-de-guadalupe\/\" rel=\"noopener noreferrer\">Read more<span class=\"screen-reader-text\">: REAL DE A OCHO HISPANOAM\u00c9RICA &#8211; SERIE VIRGEN DE GUADALUPE<\/span><\/a><\/div><\/li>\n<li><div class=\"wp-block-latest-posts__featured-image\"><img loading=\"lazy\" decoding=\"async\" width=\"1024\" height=\"719\" src=\"https:\/\/hispanoamericalapelicula.org\/wp-content\/uploads\/2023\/11\/CODICE-TRUJILLO-2-1024x719.jpg\" class=\"attachment-large size-large wp-post-image\" alt=\"\" style=\"\" srcset=\"https:\/\/hispanoamericalapelicula.org\/wp-content\/uploads\/2023\/11\/CODICE-TRUJILLO-2-1024x719.jpg 1024w, https:\/\/hispanoamericalapelicula.org\/wp-content\/uploads\/2023\/11\/CODICE-TRUJILLO-2-600x422.jpg 600w, https:\/\/hispanoamericalapelicula.org\/wp-content\/uploads\/2023\/11\/CODICE-TRUJILLO-2-300x211.jpg 300w, https:\/\/hispanoamericalapelicula.org\/wp-content\/uploads\/2023\/11\/CODICE-TRUJILLO-2-768x540.jpg 768w, https:\/\/hispanoamericalapelicula.org\/wp-content\/uploads\/2023\/11\/CODICE-TRUJILLO-2.jpg 1335w\" sizes=\"(max-width: 1024px) 100vw, 1024px\" \/><\/div><a class=\"wp-block-latest-posts__post-title\" href=\"https:\/\/hispanoamericalapelicula.org\/en\/iliber-ensemble-y-las-piezas-del-codice-trujillo-recuperando-el-patrimonio-musical-barroco-espanol-en-el-palacio-de-la-merced-de-cordoba\/\">\u00cdliber Ensemble y las piezas del C\u00f3dice Trujillo: recuperando el patrimonio musical barroco espa\u00f1ol en el Palacio de la Merced de C\u00f3rdoba<\/a><div class=\"wp-block-latest-posts__post-excerpt\">Queridos mecenas: El pasado domingo tuvimos el placer de volver a rodar a nuestros amigos de \u00cdliber ensemble, uno de los pocos grupos musicales dedicados a recuperar y difundir el patrimonio musical barroco espa\u00f1ol. Si en Espa\u00f1a, la primera globalizaci\u00f3n fue el legado de Diego de Pantoja en China, en esta ocasi\u00f3n, para HISPANOAM\u00c9RICA. contaremos\u2026 <a class=\"wp-block-latest-posts__read-more\" href=\"https:\/\/hispanoamericalapelicula.org\/en\/iliber-ensemble-y-las-piezas-del-codice-trujillo-recuperando-el-patrimonio-musical-barroco-espanol-en-el-palacio-de-la-merced-de-cordoba\/\" rel=\"noopener noreferrer\">Read more<span class=\"screen-reader-text\">: \u00cdliber Ensemble y las piezas del C\u00f3dice Trujillo: recuperando el patrimonio musical barroco espa\u00f1ol en el Palacio de la Merced de C\u00f3rdoba<\/span><\/a><\/div><\/li>\n<li><div class=\"wp-block-latest-posts__featured-image\"><img loading=\"lazy\" decoding=\"async\" width=\"1024\" height=\"728\" src=\"https:\/\/hispanoamericalapelicula.org\/wp-content\/uploads\/2023\/11\/LEANEZ-1024x728.jpg\" class=\"attachment-large size-large wp-post-image\" alt=\"\" style=\"\" srcset=\"https:\/\/hispanoamericalapelicula.org\/wp-content\/uploads\/2023\/11\/LEANEZ-1024x728.jpg 1024w, https:\/\/hispanoamericalapelicula.org\/wp-content\/uploads\/2023\/11\/LEANEZ-scaled-600x427.jpg 600w, https:\/\/hispanoamericalapelicula.org\/wp-content\/uploads\/2023\/11\/LEANEZ-300x213.jpg 300w, https:\/\/hispanoamericalapelicula.org\/wp-content\/uploads\/2023\/11\/LEANEZ-768x546.jpg 768w, https:\/\/hispanoamericalapelicula.org\/wp-content\/uploads\/2023\/11\/LEANEZ-1536x1092.jpg 1536w, https:\/\/hispanoamericalapelicula.org\/wp-content\/uploads\/2023\/11\/LEANEZ-2048x1457.jpg 2048w\" sizes=\"(max-width: 1024px) 100vw, 1024px\" \/><\/div><a class=\"wp-block-latest-posts__post-title\" href=\"https:\/\/hispanoamericalapelicula.org\/en\/la-rebelion-hispanista\/\">&#8216;La rebeli\u00f3n hispanista&#8217;, con Carlos Le\u00e1\u00f1ez Aristimu\u00f1o, Jos\u00e9 Luis L\u00f3pez-Linares y Unidos por la Historia<\/a><div class=\"wp-block-latest-posts__post-excerpt\">10 de Noviembre de 2023 \/\/ \u00abLos hispanos estamos recuperando nuestro verdadero rostro. Un\u00e1monos a la rebeli\u00f3n hispanista\u00bb. Carlos Le\u00e1\u00f1ez Aristimu\u00f1o. Os dejamos algunas fotograf\u00edas de la conferencia de Carlos Le\u00e1\u00f1ez Aristimu\u00f1o del pasado martes 7 de noviembre: &#8216;LA REBELI\u00d3N HISPANISTA&#8217; organizada por la asociaci\u00f3n cultural &#8216;Unidos por la Historia&#8217; donde nuestro director, Jos\u00e9 Luis\u2026 <a class=\"wp-block-latest-posts__read-more\" href=\"https:\/\/hispanoamericalapelicula.org\/en\/la-rebelion-hispanista\/\" rel=\"noopener noreferrer\">Read more<span class=\"screen-reader-text\">: &#8216;La rebeli\u00f3n hispanista&#8217;, con Carlos Le\u00e1\u00f1ez Aristimu\u00f1o, Jos\u00e9 Luis L\u00f3pez-Linares y Unidos por la Historia<\/span><\/a><\/div><\/li>\n<li><div class=\"wp-block-latest-posts__featured-image\"><img loading=\"lazy\" decoding=\"async\" width=\"516\" height=\"288\" src=\"https:\/\/hispanoamericalapelicula.org\/wp-content\/uploads\/2023\/10\/image-2.png\" class=\"attachment-large size-large wp-post-image\" alt=\"\" style=\"\" srcset=\"https:\/\/hispanoamericalapelicula.org\/wp-content\/uploads\/2023\/10\/image-2.png 516w, https:\/\/hispanoamericalapelicula.org\/wp-content\/uploads\/2023\/10\/image-2-300x167.png 300w\" sizes=\"(max-width: 516px) 100vw, 516px\" \/><\/div><a class=\"wp-block-latest-posts__post-title\" href=\"https:\/\/hispanoamericalapelicula.org\/en\/carlos-vives-juan-valderrama-y-patricia-gonzalez-tres-artistas-hispanoamericanos-celebrando-la-hispanidad\/\">Carlos Vives, Juan Valderrama y Patricia Gonz\u00e1lez: Tres artistas hispanoamericanos celebrando la Hispanidad<\/a><div class=\"wp-block-latest-posts__post-excerpt\">As\u00ed han sido nuestros \u00faltimos tres rodajes en la semana de la Hispanidad. Carlos Vives, orgulloso de sus ra\u00edces hispanas, sali\u00f3 al escenario con la bandera de Espa\u00f1a colgada al cuello frente a decenas de miles de personas en su concierto de la Plaza de la Independencia. Concierto de Carlos Vives en la Puerta de\u2026 <a class=\"wp-block-latest-posts__read-more\" href=\"https:\/\/hispanoamericalapelicula.org\/en\/carlos-vives-juan-valderrama-y-patricia-gonzalez-tres-artistas-hispanoamericanos-celebrando-la-hispanidad\/\" rel=\"noopener noreferrer\">Read more<span class=\"screen-reader-text\">: Carlos Vives, Juan Valderrama y Patricia Gonz\u00e1lez: Tres artistas hispanoamericanos celebrando la Hispanidad<\/span><\/a><\/div><\/li>\n<li><div class=\"wp-block-latest-posts__featured-image\"><img loading=\"lazy\" decoding=\"async\" width=\"1024\" height=\"1024\" src=\"https:\/\/hispanoamericalapelicula.org\/wp-content\/uploads\/2023\/10\/F8x9HjGW4AARUg6-1024x1024.jpeg\" class=\"attachment-large size-large wp-post-image\" alt=\"\" style=\"\" srcset=\"https:\/\/hispanoamericalapelicula.org\/wp-content\/uploads\/2023\/10\/F8x9HjGW4AARUg6-1024x1024.jpeg 1024w, https:\/\/hispanoamericalapelicula.org\/wp-content\/uploads\/2023\/10\/F8x9HjGW4AARUg6-300x300.jpeg 300w, https:\/\/hispanoamericalapelicula.org\/wp-content\/uploads\/2023\/10\/F8x9HjGW4AARUg6-100x100.jpeg 100w, https:\/\/hispanoamericalapelicula.org\/wp-content\/uploads\/2023\/10\/F8x9HjGW4AARUg6-600x600.jpeg 600w, https:\/\/hispanoamericalapelicula.org\/wp-content\/uploads\/2023\/10\/F8x9HjGW4AARUg6-150x150.jpeg 150w, https:\/\/hispanoamericalapelicula.org\/wp-content\/uploads\/2023\/10\/F8x9HjGW4AARUg6-768x768.jpeg 768w, https:\/\/hispanoamericalapelicula.org\/wp-content\/uploads\/2023\/10\/F8x9HjGW4AARUg6.jpeg 1536w\" sizes=\"(max-width: 1024px) 100vw, 1024px\" \/><\/div><a class=\"wp-block-latest-posts__post-title\" href=\"https:\/\/hispanoamericalapelicula.org\/en\/entrevistamos-a-don-dalmacio-negro\/\">Entrevistamos a don Dalmacio Negro<\/a><div class=\"wp-block-latest-posts__post-excerpt\">19 de Octubre de 2023 \/\/ Ayer entrevistamos a don Dalmacio Negro, miembro de la Real Academia de Ciencias Morales y Pol\u00edticas y la mayor mente de Espa\u00f1a. Nos habl\u00f3 de la Naci\u00f3n hispanoamericana, su fundamento cultural e hist\u00f3rico y su futuro. Fichaje estrella para HISPANOAM\u00c9RICA<\/div><\/li>\n<li><div class=\"wp-block-latest-posts__featured-image\"><img loading=\"lazy\" decoding=\"async\" width=\"1024\" height=\"580\" src=\"https:\/\/hispanoamericalapelicula.org\/wp-content\/uploads\/2023\/10\/Captura-de-pantalla-2023-10-12-a-las-17.41.19-1024x580.png\" class=\"attachment-large size-large wp-post-image\" alt=\"\" style=\"\" srcset=\"https:\/\/hispanoamericalapelicula.org\/wp-content\/uploads\/2023\/10\/Captura-de-pantalla-2023-10-12-a-las-17.41.19-1024x580.png 1024w, https:\/\/hispanoamericalapelicula.org\/wp-content\/uploads\/2023\/10\/Captura-de-pantalla-2023-10-12-a-las-17.41.19-600x340.png 600w, https:\/\/hispanoamericalapelicula.org\/wp-content\/uploads\/2023\/10\/Captura-de-pantalla-2023-10-12-a-las-17.41.19-300x170.png 300w, https:\/\/hispanoamericalapelicula.org\/wp-content\/uploads\/2023\/10\/Captura-de-pantalla-2023-10-12-a-las-17.41.19-768x435.png 768w, https:\/\/hispanoamericalapelicula.org\/wp-content\/uploads\/2023\/10\/Captura-de-pantalla-2023-10-12-a-las-17.41.19.png 1272w\" sizes=\"(max-width: 1024px) 100vw, 1024px\" \/><\/div><a class=\"wp-block-latest-posts__post-title\" href=\"https:\/\/hispanoamericalapelicula.org\/en\/feliz-dia-de-la-hispanidad\/\">\u00a1Feliz D\u00eda de la Hispanidad!<\/a><div class=\"wp-block-latest-posts__post-excerpt\">12 de Octubre de 2023 \/\/ \u00abNo es \u00abAm\u00e9rica Latina\u00bb, es&nbsp;Am\u00e9rica Hispana. \u00bfQu\u00e9 es lo que nos hermana a los \u00ablatinoamericanos\u00bb?&nbsp;\u00a1La Hispanidad! No existe ninguna hermandad ind\u00edgena en Am\u00e9rica. Nos hermana la historia com\u00fan, y hay historia com\u00fan desde que&nbsp;somos hispanos\u00bb. \u00a1Feliz D\u00eda de la Hispanidad a todos!<\/div><\/li>\n<li><div class=\"wp-block-latest-posts__featured-image\"><img loading=\"lazy\" decoding=\"async\" width=\"808\" height=\"606\" src=\"https:\/\/hispanoamericalapelicula.org\/wp-content\/uploads\/2023\/10\/F8E-y6bXcAABYXF.jpeg\" class=\"attachment-large size-large wp-post-image\" alt=\"\" style=\"\" srcset=\"https:\/\/hispanoamericalapelicula.org\/wp-content\/uploads\/2023\/10\/F8E-y6bXcAABYXF.jpeg 808w, https:\/\/hispanoamericalapelicula.org\/wp-content\/uploads\/2023\/10\/F8E-y6bXcAABYXF-600x450.jpeg 600w, https:\/\/hispanoamericalapelicula.org\/wp-content\/uploads\/2023\/10\/F8E-y6bXcAABYXF-300x225.jpeg 300w, https:\/\/hispanoamericalapelicula.org\/wp-content\/uploads\/2023\/10\/F8E-y6bXcAABYXF-768x576.jpeg 768w\" sizes=\"(max-width: 808px) 100vw, 808px\" \/><\/div><a class=\"wp-block-latest-posts__post-title\" href=\"https:\/\/hispanoamericalapelicula.org\/en\/carlos-vives-se-une-a-hispanoamerica\/\">Carlos Vives se une a HISPANOAM\u00c9RICA<\/a><div class=\"wp-block-latest-posts__post-excerpt\">11 de octubre 2023 \/\/ \u00abEntender la Hispanidad va a ayudar a que yo entienda quien soy y pueda entonces ser mejor como colombiano \u00bb. \u00a1Carlos Vives se une a HISPANOAM\u00c9RICA! #Hispanidad2023<\/div><\/li>\n<li><div class=\"wp-block-latest-posts__featured-image\"><img loading=\"lazy\" decoding=\"async\" width=\"768\" height=\"576\" src=\"https:\/\/hispanoamericalapelicula.org\/wp-content\/uploads\/2023\/09\/WhatsApp-Image-2023-09-27-at-12.10.03-2-edited.jpeg\" class=\"attachment-large size-large wp-post-image\" alt=\"\" style=\"\" srcset=\"https:\/\/hispanoamericalapelicula.org\/wp-content\/uploads\/2023\/09\/WhatsApp-Image-2023-09-27-at-12.10.03-2-edited.jpeg 768w, https:\/\/hispanoamericalapelicula.org\/wp-content\/uploads\/2023\/09\/WhatsApp-Image-2023-09-27-at-12.10.03-2-edited-600x450.jpeg 600w, https:\/\/hispanoamericalapelicula.org\/wp-content\/uploads\/2023\/09\/WhatsApp-Image-2023-09-27-at-12.10.03-2-edited-300x225.jpeg 300w\" sizes=\"(max-width: 768px) 100vw, 768px\" \/><\/div><a class=\"wp-block-latest-posts__post-title\" href=\"https:\/\/hispanoamericalapelicula.org\/en\/entrevistamos-a-la-escritora-elisa-queijeiro\/\">Entrevistamos a la escritora Elisa Queijeiro<\/a><div class=\"wp-block-latest-posts__post-excerpt\">27 de Septiembre de 2023 \/\/ Hoy entrevistamos a la escritora Elisa Queijeiro&nbsp;sobre dos mujeres fundamentales en el nacimiento de Hispanoam\u00e9rica: Do\u00f1a Marina y la Virgen de Guadalupe. Muchas gracias a la&nbsp;Casa de M\u00e9xico&nbsp;por cedernos el fant\u00e1stico espacio. Pr\u00f3ximamente en&nbsp;https:\/\/hispanoamericalapelicula.org<\/div><\/li>\n<li><div class=\"wp-block-latest-posts__featured-image\"><img loading=\"lazy\" decoding=\"async\" width=\"1024\" height=\"576\" src=\"https:\/\/hispanoamericalapelicula.org\/wp-content\/uploads\/2023\/09\/El-Imperio-mestizo-la-union-de-dos-mundos-1024x576.png\" class=\"attachment-large size-large wp-post-image\" alt=\"\" style=\"\" srcset=\"https:\/\/hispanoamericalapelicula.org\/wp-content\/uploads\/2023\/09\/El-Imperio-mestizo-la-union-de-dos-mundos-1024x576.png 1024w, https:\/\/hispanoamericalapelicula.org\/wp-content\/uploads\/2023\/09\/El-Imperio-mestizo-la-union-de-dos-mundos-600x338.png 600w, https:\/\/hispanoamericalapelicula.org\/wp-content\/uploads\/2023\/09\/El-Imperio-mestizo-la-union-de-dos-mundos-300x169.png 300w, https:\/\/hispanoamericalapelicula.org\/wp-content\/uploads\/2023\/09\/El-Imperio-mestizo-la-union-de-dos-mundos-768x432.png 768w, https:\/\/hispanoamericalapelicula.org\/wp-content\/uploads\/2023\/09\/El-Imperio-mestizo-la-union-de-dos-mundos.png 1280w\" sizes=\"(max-width: 1024px) 100vw, 1024px\" \/><\/div><a class=\"wp-block-latest-posts__post-title\" href=\"https:\/\/hispanoamericalapelicula.org\/en\/final-de-espana-la-primera-globalizacion-en-exclusiva\/\">Final de &#8216;Espa\u00f1a, la primera globalizaci\u00f3n&#8217;, en exclusiva<\/a><div class=\"wp-block-latest-posts__post-excerpt\">22 de Septiembre de 2023 \/\/ Si algo caracteriza absolutamente a la Monarqu\u00eda Hisp\u00e1nica es el mestizaje. Un fen\u00f3meno de fusi\u00f3n cultural, pol\u00edtica y art\u00edstica sin precedentes en toda la Historia de la Humanidad. Hoy compartimos de forma in\u00e9dita el final de &#8216;Espa\u00f1a, la primera globalizaci\u00f3n&#8217;, culminando de esta forma la serie sobre la pel\u00edcula\u2026 <a class=\"wp-block-latest-posts__read-more\" href=\"https:\/\/hispanoamericalapelicula.org\/en\/final-de-espana-la-primera-globalizacion-en-exclusiva\/\" rel=\"noopener noreferrer\">Read more<span class=\"screen-reader-text\">: Final de &#8216;Espa\u00f1a, la primera globalizaci\u00f3n&#8217;, en exclusiva<\/span><\/a><\/div><\/li>\n<li><div class=\"wp-block-latest-posts__featured-image\"><img loading=\"lazy\" decoding=\"async\" width=\"695\" height=\"927\" src=\"https:\/\/hispanoamericalapelicula.org\/wp-content\/uploads\/2023\/09\/byg3zbdm2mczuydfmuhi.jpeg\" class=\"attachment-large size-large wp-post-image\" alt=\"\" style=\"\" srcset=\"https:\/\/hispanoamericalapelicula.org\/wp-content\/uploads\/2023\/09\/byg3zbdm2mczuydfmuhi.jpeg 695w, https:\/\/hispanoamericalapelicula.org\/wp-content\/uploads\/2023\/09\/byg3zbdm2mczuydfmuhi-600x800.jpeg 600w, https:\/\/hispanoamericalapelicula.org\/wp-content\/uploads\/2023\/09\/byg3zbdm2mczuydfmuhi-225x300.jpeg 225w\" sizes=\"(max-width: 695px) 100vw, 695px\" \/><\/div><a class=\"wp-block-latest-posts__post-title\" href=\"https:\/\/hispanoamericalapelicula.org\/en\/rodaje-en-alcala-de-henares\/\">Rodaje en Alcal\u00e1 de Henares<\/a><div class=\"wp-block-latest-posts__post-excerpt\">13 de Septiembre de 2023 \/\/ Hoy rodamos en el Antiguo Hospital de Nuestra Se\u00f1ora de la Misericordia , el primer hospital universitario de la Historia ubicado en Alcal\u00e1 de Henares.Fue pionero en el desarrollo del humanismo m\u00e9dico en Espa\u00f1a y Am\u00e9rica desde el siglo XVI.<\/div><\/li>\n<li><div class=\"wp-block-latest-posts__featured-image\"><img loading=\"lazy\" decoding=\"async\" width=\"1024\" height=\"576\" src=\"https:\/\/hispanoamericalapelicula.org\/wp-content\/uploads\/2023\/09\/Untitled_2_1.2.1-1024x576.jpg\" class=\"attachment-large size-large wp-post-image\" alt=\"\" style=\"\" srcset=\"https:\/\/hispanoamericalapelicula.org\/wp-content\/uploads\/2023\/09\/Untitled_2_1.2.1-1024x576.jpg 1024w, https:\/\/hispanoamericalapelicula.org\/wp-content\/uploads\/2023\/09\/Untitled_2_1.2.1-600x338.jpg 600w, https:\/\/hispanoamericalapelicula.org\/wp-content\/uploads\/2023\/09\/Untitled_2_1.2.1-300x169.jpg 300w, https:\/\/hispanoamericalapelicula.org\/wp-content\/uploads\/2023\/09\/Untitled_2_1.2.1-768x432.jpg 768w, https:\/\/hispanoamericalapelicula.org\/wp-content\/uploads\/2023\/09\/Untitled_2_1.2.1-1536x864.jpg 1536w, https:\/\/hispanoamericalapelicula.org\/wp-content\/uploads\/2023\/09\/Untitled_2_1.2.1.jpg 1920w\" sizes=\"(max-width: 1024px) 100vw, 1024px\" \/><\/div><a class=\"wp-block-latest-posts__post-title\" href=\"https:\/\/hispanoamericalapelicula.org\/en\/texas-y-nuevo-mexico-el-legado-hispano-en-norteamerica\/\">Texas y Nuevo M\u00e9xico: el legado Hispano en Norteam\u00e9rica<\/a><div class=\"wp-block-latest-posts__post-excerpt\">14 de Agosto de 2023 \/\/ Querido Mecenas: \u00a1Esperamos que est\u00e9s bien! Nosotros ya hemos regresado de nuestro viaje&nbsp; por el norte del Virreinato de Nueva Espa\u00f1a (actual sur de los Estados Unidos). Misi\u00f3n San Francisco de la Espada, San Antonio, Texas Empezamos en San Antonio (Texas), grabando las misiones fundadas por los franciscanos a\u2026 <a class=\"wp-block-latest-posts__read-more\" href=\"https:\/\/hispanoamericalapelicula.org\/en\/texas-y-nuevo-mexico-el-legado-hispano-en-norteamerica\/\" rel=\"noopener noreferrer\">Read more<span class=\"screen-reader-text\">: Texas y Nuevo M\u00e9xico: el legado Hispano en Norteam\u00e9rica<\/span><\/a><\/div><\/li>\n<li><div class=\"wp-block-latest-posts__featured-image\"><img loading=\"lazy\" decoding=\"async\" width=\"695\" height=\"647\" src=\"https:\/\/hispanoamericalapelicula.org\/wp-content\/uploads\/2023\/09\/qubnir7jgs4lp7uuja3k.jpeg\" class=\"attachment-large size-large wp-post-image\" alt=\"\" style=\"\" srcset=\"https:\/\/hispanoamericalapelicula.org\/wp-content\/uploads\/2023\/09\/qubnir7jgs4lp7uuja3k.jpeg 695w, https:\/\/hispanoamericalapelicula.org\/wp-content\/uploads\/2023\/09\/qubnir7jgs4lp7uuja3k-600x559.jpeg 600w, https:\/\/hispanoamericalapelicula.org\/wp-content\/uploads\/2023\/09\/qubnir7jgs4lp7uuja3k-300x279.jpeg 300w\" sizes=\"(max-width: 695px) 100vw, 695px\" \/><\/div><a class=\"wp-block-latest-posts__post-title\" href=\"https:\/\/hispanoamericalapelicula.org\/en\/entrevistamos-al-profesor-carlos-leanez-en-madrid\/\">Entrevistamos al profesor Carlos Le\u00e1\u00f1ez en Madrid<\/a><div class=\"wp-block-latest-posts__post-excerpt\">11 de Julio de 2021 \/\/ Queridos Mecenas: Hoy recibimos de nuevo al profesor Carlos Le\u00e1\u00f1ez Aristimu\u00f1o (&nbsp;@carlosleanez )&nbsp;en Madrid para realizarle una segunda entrevista, la primera nos supo a poco. Es uno de los principales activistas de la cohesi\u00f3n Hispanoamericana y tendr\u00e1 una gran presencia en el documental. Siguiente paso: Texas y Nuevo M\u00e9xico.<\/div><\/li>\n<li><div class=\"wp-block-latest-posts__featured-image\"><img loading=\"lazy\" decoding=\"async\" width=\"1024\" height=\"576\" src=\"https:\/\/hispanoamericalapelicula.org\/wp-content\/uploads\/2023\/06\/San-Ignacio-de-Moxos_1.10.1-1024x576.jpg\" class=\"attachment-large size-large wp-post-image\" alt=\"\" style=\"\" srcset=\"https:\/\/hispanoamericalapelicula.org\/wp-content\/uploads\/2023\/06\/San-Ignacio-de-Moxos_1.10.1-1024x576.jpg 1024w, https:\/\/hispanoamericalapelicula.org\/wp-content\/uploads\/2023\/06\/San-Ignacio-de-Moxos_1.10.1-600x338.jpg 600w, https:\/\/hispanoamericalapelicula.org\/wp-content\/uploads\/2023\/06\/San-Ignacio-de-Moxos_1.10.1-300x169.jpg 300w, https:\/\/hispanoamericalapelicula.org\/wp-content\/uploads\/2023\/06\/San-Ignacio-de-Moxos_1.10.1-768x432.jpg 768w, https:\/\/hispanoamericalapelicula.org\/wp-content\/uploads\/2023\/06\/San-Ignacio-de-Moxos_1.10.1-1536x864.jpg 1536w, https:\/\/hispanoamericalapelicula.org\/wp-content\/uploads\/2023\/06\/San-Ignacio-de-Moxos_1.10.1.jpg 1920w\" sizes=\"(max-width: 1024px) 100vw, 1024px\" \/><\/div><a class=\"wp-block-latest-posts__post-title\" href=\"https:\/\/hispanoamericalapelicula.org\/en\/rodaje-en-bolivia-y-peru\/\">Rodaje en Bolivia y Per\u00fa.<\/a><div class=\"wp-block-latest-posts__post-excerpt\">21 de Junio de 2023 \/\/ Querido Mecenas: Hemos vuelto de nuestro rodaje por Bolivia y Per\u00fa. Alumnos de la Escuela de M\u00fasica de San Ignacio de Moxos Volamos a San Ignacio de Moxos, Bolivia, para contar la historia del barroco misional, la m\u00fasica que naci\u00f3 en las misiones jesuitas y que hoy gracias al\u2026 <a class=\"wp-block-latest-posts__read-more\" href=\"https:\/\/hispanoamericalapelicula.org\/en\/rodaje-en-bolivia-y-peru\/\" rel=\"noopener noreferrer\">Read more<span class=\"screen-reader-text\">: Rodaje en Bolivia y Per\u00fa.<\/span><\/a><\/div><\/li>\n<li><div class=\"wp-block-latest-posts__featured-image\"><img loading=\"lazy\" decoding=\"async\" width=\"695\" height=\"391\" src=\"https:\/\/hispanoamericalapelicula.org\/wp-content\/uploads\/2023\/09\/vt96vdvdhbzxyretx8tu.jpeg\" class=\"attachment-large size-large wp-post-image\" alt=\"\" style=\"\" srcset=\"https:\/\/hispanoamericalapelicula.org\/wp-content\/uploads\/2023\/09\/vt96vdvdhbzxyretx8tu.jpeg 695w, https:\/\/hispanoamericalapelicula.org\/wp-content\/uploads\/2023\/09\/vt96vdvdhbzxyretx8tu-600x338.jpeg 600w, https:\/\/hispanoamericalapelicula.org\/wp-content\/uploads\/2023\/09\/vt96vdvdhbzxyretx8tu-300x169.jpeg 300w\" sizes=\"(max-width: 695px) 100vw, 695px\" \/><\/div><a class=\"wp-block-latest-posts__post-title\" href=\"https:\/\/hispanoamericalapelicula.org\/en\/estamos-de-vuelta-en-america\/\">Estamos de vuelta en Am\u00e9rica<\/a><div class=\"wp-block-latest-posts__post-excerpt\">5 de Junio de 2023&nbsp;\/\/ Queridos mecenas: Estamos de vuelta en Am\u00e9rica.Hemos venido hasta San Ignacio de Moxos en Bolivia para contar la historia del barroco misional, la m\u00fasica que naci\u00f3 en las misiones jesuitas y que hoy gracias al Ensamble Moxos encuentra nueva vida. Gracias por vuestro apoyo.<\/div><\/li>\n<li><div class=\"wp-block-latest-posts__featured-image\"><img loading=\"lazy\" decoding=\"async\" width=\"695\" height=\"521\" src=\"https:\/\/hispanoamericalapelicula.org\/wp-content\/uploads\/2023\/09\/qpglbxrqddkmminysbuo.png\" class=\"attachment-large size-large wp-post-image\" alt=\"\" style=\"\" srcset=\"https:\/\/hispanoamericalapelicula.org\/wp-content\/uploads\/2023\/09\/qpglbxrqddkmminysbuo.png 695w, https:\/\/hispanoamericalapelicula.org\/wp-content\/uploads\/2023\/09\/qpglbxrqddkmminysbuo-600x450.png 600w, https:\/\/hispanoamericalapelicula.org\/wp-content\/uploads\/2023\/09\/qpglbxrqddkmminysbuo-300x225.png 300w\" sizes=\"(max-width: 695px) 100vw, 695px\" \/><\/div><a class=\"wp-block-latest-posts__post-title\" href=\"https:\/\/hispanoamericalapelicula.org\/en\/entrevistamos-a-carlos-leanez-artimuno-en-madrid\/\">HISPANOAM\u00c9RICA avanza<\/a><div class=\"wp-block-latest-posts__post-excerpt\">12 de Mayo de 2023 \/\/ Queridos mecenas,&nbsp; HISPANOAM\u00c9RICA&nbsp;continua y nosotros seguimos trabajando: Como ya sabes, iniciamos el rodaje viajando a Quito en diciembre de 2022, y el pasado mes de marzo, estuvimos en M\u00e9xico dos semanas. P\u00e1tzcuaro, Puebla, Morelia, Tlaxcala, Tzintzuntzan, son algunas de las ciudades que visitamos. Desde el espectacular Templo de Santo\u2026 <a class=\"wp-block-latest-posts__read-more\" href=\"https:\/\/hispanoamericalapelicula.org\/en\/entrevistamos-a-carlos-leanez-artimuno-en-madrid\/\" rel=\"noopener noreferrer\">Read more<span class=\"screen-reader-text\">: HISPANOAM\u00c9RICA avanza<\/span><\/a><\/div><\/li>\n<\/ul>\n\n\n<div class=\"wp-block-query is-layout-flow wp-block-query-is-layout-flow\">\n<div class=\"inherit-container-width wp-block-group is-layout-constrained wp-container-core-group-is-layout-6b072eec wp-block-group-is-layout-constrained\" style=\"margin-top:0;margin-bottom:0;padding-top:0;padding-right:var(--wp--preset--spacing--40);padding-bottom:var(--wp--preset--spacing--40);padding-left:var(--wp--preset--spacing--40)\"><div class=\"wp-block-group__inner-container\"><\/div><\/div>\n<\/div>\n\n\n\n<div class=\"wp-block-columns is-layout-flex wp-container-core-columns-is-layout-28f84493 wp-block-columns-is-layout-flex\"><\/div>","protected":false},"excerpt":{"rendered":"<p>News<\/p>","protected":false},"author":2,"featured_media":0,"parent":0,"menu_order":0,"comment_status":"closed","ping_status":"closed","template":"","meta":{"give_campaign_id":0,"site-sidebar-layout":"default","site-content-layout":"","ast-site-content-layout":"normal-width-container","site-content-style":"boxed","site-sidebar-style":"default","ast-global-header-display":"","ast-banner-title-visibility":"","ast-main-header-display":"","ast-hfb-above-header-display":"","ast-hfb-below-header-display":"","ast-hfb-mobile-header-display":"","site-post-title":"","ast-breadcrumbs-content":"","ast-featured-img":"","footer-sml-layout":"","ast-disable-related-posts":"","theme-transparent-header-meta":"","adv-header-id-meta":"","stick-header-meta":"","header-above-stick-meta":"","header-main-stick-meta":"","header-below-stick-meta":"","astra-migrate-meta-layouts":"set","ast-page-background-enabled":"default","ast-page-background-meta":{"desktop":{"background-color":"","background-image":"","background-repeat":"repeat","background-position":"center center","background-size":"auto","background-attachment":"scroll","background-type":"","background-media":"","overlay-type":"","overlay-color":"","overlay-opacity":"","overlay-gradient":""},"tablet":{"background-color":"","background-image":"","background-repeat":"repeat","background-position":"center center","background-size":"auto","background-attachment":"scroll","background-type":"","background-media":"","overlay-type":"","overlay-color":"","overlay-opacity":"","overlay-gradient":""},"mobile":{"background-color":"","background-image":"","background-repeat":"repeat","background-position":"center center","background-size":"auto","background-attachment":"scroll","background-type":"","background-media":"","overlay-type":"","overlay-color":"","overlay-opacity":"","overlay-gradient":""}},"ast-content-background-meta":{"desktop":{"background-color":"var(--ast-global-color-5)","background-image":"","background-repeat":"repeat","background-position":"center center","background-size":"auto","background-attachment":"scroll","background-type":"","background-media":"","overlay-type":"","overlay-color":"","overlay-opacity":"","overlay-gradient":""},"tablet":{"background-color":"var(--ast-global-color-5)","background-image":"","background-repeat":"repeat","background-position":"center center","background-size":"auto","background-attachment":"scroll","background-type":"","background-media":"","overlay-type":"","overlay-color":"","overlay-opacity":"","overlay-gradient":""},"mobile":{"background-color":"var(--ast-global-color-5)","background-image":"","background-repeat":"repeat","background-position":"center center","background-size":"auto","background-attachment":"scroll","background-type":"","background-media":"","overlay-type":"","overlay-color":"","overlay-opacity":"","overlay-gradient":""}},"footnotes":""},"class_list":["post-2780","page","type-page","status-publish","hentry"],"campaignId":"","_links":{"self":[{"href":"https:\/\/hispanoamericalapelicula.org\/en\/wp-json\/wp\/v2\/pages\/2780","targetHints":{"allow":["GET"]}}],"collection":[{"href":"https:\/\/hispanoamericalapelicula.org\/en\/wp-json\/wp\/v2\/pages"}],"about":[{"href":"https:\/\/hispanoamericalapelicula.org\/en\/wp-json\/wp\/v2\/types\/page"}],"author":[{"embeddable":true,"href":"https:\/\/hispanoamericalapelicula.org\/en\/wp-json\/wp\/v2\/users\/2"}],"replies":[{"embeddable":true,"href":"https:\/\/hispanoamericalapelicula.org\/en\/wp-json\/wp\/v2\/comments?post=2780"}],"version-history":[{"count":30,"href":"https:\/\/hispanoamericalapelicula.org\/en\/wp-json\/wp\/v2\/pages\/2780\/revisions"}],"predecessor-version":[{"id":2978,"href":"https:\/\/hispanoamericalapelicula.org\/en\/wp-json\/wp\/v2\/pages\/2780\/revisions\/2978"}],"wp:attachment":[{"href":"https:\/\/hispanoamericalapelicula.org\/en\/wp-json\/wp\/v2\/media?parent=2780"}],"curies":[{"name":"wp","href":"https:\/\/api.w.org\/{rel}","templated":true}]}}